{"id":7067,"date":"2025-11-14T23:44:20","date_gmt":"2025-11-14T22:44:20","guid":{"rendered":"https:\/\/urbanicc.fr\/?page_id=7067"},"modified":"2025-11-14T23:44:26","modified_gmt":"2025-11-14T22:44:26","slug":"ivry-port-desaccords-persistants-autour-du-square-de-la-minoterie","status":"publish","type":"page","link":"https:\/\/urbanicc.fr\/index.php\/ivry-port-desaccords-persistants-autour-du-square-de-la-minoterie\/","title":{"rendered":"Ivry-Port : d\u00e9saccords persistants autour du square de la Minoterie"},"content":{"rendered":"\n<h2 class=\"wp-block-heading\"><s>Une nouvelle r\u00e9union entre riverains et repr\u00e9sentants municipaux s\u2019est tenue lundi 29 septembre 2025 autour du square de la Minoterie. Malgr\u00e9 quelques tentatives d\u2019am\u00e9nagements op\u00e9r\u00e9s pour r\u00e9duire le bruit sur le site, la frustration des habitants ne faiblit pas.<\/s><\/h2>\n\n\n\n<div style=\"height:100px\" aria-hidden=\"true\" class=\"wp-block-spacer\"><\/div>\n\n\n\n<div class=\"wp-block-columns is-layout-flex wp-container-core-columns-is-layout-9d6595d7 wp-block-columns-is-layout-flex\">\n<div class=\"wp-block-column is-layout-flow wp-block-column-is-layout-flow\" style=\"flex-basis:66.66%\">\n<figure class=\"wp-block-image size-large\"><img loading=\"lazy\" decoding=\"async\" width=\"1024\" height=\"768\" src=\"https:\/\/urbanicc.fr\/wp-content\/uploads\/2025\/11\/image-2-1024x768.png\" alt=\"\" class=\"wp-image-7077\" srcset=\"https:\/\/urbanicc.fr\/wp-content\/uploads\/2025\/11\/image-2-1024x768.png 1024w, https:\/\/urbanicc.fr\/wp-content\/uploads\/2025\/11\/image-2-300x225.png 300w, https:\/\/urbanicc.fr\/wp-content\/uploads\/2025\/11\/image-2-768x576.png 768w, https:\/\/urbanicc.fr\/wp-content\/uploads\/2025\/11\/image-2-1536x1152.png 1536w, https:\/\/urbanicc.fr\/wp-content\/uploads\/2025\/11\/image-2.png 1600w\" sizes=\"auto, (max-width: 1024px) 100vw, 1024px\" \/><figcaption class=\"wp-element-caption\"><mark style=\"background-color:rgba(0, 0, 0, 0)\" class=\"has-inline-color has-black-color\">R\u00e9glage des \u00e9clairages &#8211; Le passage de la Minoterie c\u00f4t\u00e9 Rigaud.<\/mark><\/figcaption><\/figure>\n\n\n\n<div style=\"height:100px\" aria-hidden=\"true\" class=\"wp-block-spacer\"><\/div>\n\n\n\n<h3 class=\"wp-block-heading\"><s>Des actions jug\u00e9es \u00ab cosm\u00e9tiques \u00bb<\/s><\/h3>\n\n\n\n<p>Depuis mai dernier, la mairie a bien tent\u00e9 quelques ajustements : pose d\u2019un radar p\u00e9dagogique et d\u2019une chicane temporaire sur la rue Rigaud au niveau de la travers\u00e9e vers la parcelle de la rue des Lampes, r\u00e9glage des lumi\u00e8res, installation de panneaux incitant au \u00ab bien vivre ensemble \u00bb&#8230; <strong>Mais pour les riverains, les r\u00e9sultats sont minimes<\/strong>. Le radar ralentit \u00e0 peine la circulation, les usagers ne se d\u00e9placent toujours pas vers la parcelle r\u00e9cr\u00e9ative de la rue des Lampes, les panneaux incitant au respect du site n&rsquo;ont pas r\u00e9sist\u00e9 plus d\u2019une semaine, et les nuisances et incivilit\u00e9s nocturnes restent encore trop fr\u00e9quentes.<\/p>\n\n\n\n<div style=\"height:76px\" aria-hidden=\"true\" class=\"wp-block-spacer\"><\/div>\n<\/div>\n\n\n\n<div class=\"wp-block-column urbanicc_background urbanicc_column_right is-layout-flow wp-block-column-is-layout-flow\" style=\"flex-basis:33.33%\">\n<h4 class=\"wp-block-heading\"><strong><s>Expression libre<\/s><\/strong><br>urbanicc donne la parole aux habitants et aux dynamiques locales<\/h4>\n\n\n\n<div style=\"height:16px\" aria-hidden=\"true\" class=\"wp-block-spacer\"><\/div>\n\n\n\n<p>Nous publions aujourd&rsquo;hui un article r\u00e9dig\u00e9 par le Collectif Minoterie ZEN<\/p>\n\n\n\n<p>Le&nbsp;<strong>collectif Minoterie Zen<\/strong>&nbsp;s\u2019est cr\u00e9\u00e9 \u00e0 l\u2019\u00e9t\u00e9 2024 pour tenter de r\u00e9fl\u00e9chir entre riverains \u00e0 des mani\u00e8res de communiquer sur la question des \u00e9mergences sonores subies dans le quartier de la Minoterie \u00e0 Ivry-Port. Constitu\u00e9 d\u2019une dizaine de personnes, habitants des r\u00e9sidences Le Val, La Minoterie, le Quai aux Grains, le collectif adresse les diverses probl\u00e9matiques subies depuis plusieurs ann\u00e9es et tente de changer la donne du bruit sur le passage. Pour suivre les communications et les actions du collectif, abonnez-vous \u00e0 sa&nbsp;<a href=\"https:\/\/www.facebook.com\/profile.php?id=61565740342287\">page Facebook<\/a>&nbsp;ou&nbsp;<a href=\"mailto:minoterie.zen@gmail.com\">contactez-le<\/a>.<\/p>\n\n\n\n<figure class=\"wp-block-image size-full\"><img loading=\"lazy\" decoding=\"async\" width=\"575\" height=\"210\" src=\"https:\/\/urbanicc.fr\/wp-content\/uploads\/2025\/11\/image.jpeg\" alt=\"\" class=\"wp-image-7068\" srcset=\"https:\/\/urbanicc.fr\/wp-content\/uploads\/2025\/11\/image.jpeg 575w, https:\/\/urbanicc.fr\/wp-content\/uploads\/2025\/11\/image-300x110.jpeg 300w\" sizes=\"auto, (max-width: 575px) 100vw, 575px\" \/><\/figure>\n<\/div>\n<\/div>\n\n\n\n<div style=\"height:100px\" aria-hidden=\"true\" class=\"wp-block-spacer\"><\/div>\n\n\n\n<figure class=\"wp-block-image size-large\"><img loading=\"lazy\" decoding=\"async\" width=\"1024\" height=\"768\" src=\"https:\/\/urbanicc.fr\/wp-content\/uploads\/2025\/11\/image-1024x768.png\" alt=\"\" class=\"wp-image-7069\" srcset=\"https:\/\/urbanicc.fr\/wp-content\/uploads\/2025\/11\/image-1024x768.png 1024w, https:\/\/urbanicc.fr\/wp-content\/uploads\/2025\/11\/image-300x225.png 300w, https:\/\/urbanicc.fr\/wp-content\/uploads\/2025\/11\/image-768x576.png 768w, https:\/\/urbanicc.fr\/wp-content\/uploads\/2025\/11\/image-1536x1152.png 1536w, https:\/\/urbanicc.fr\/wp-content\/uploads\/2025\/11\/image.png 1600w\" sizes=\"auto, (max-width: 1024px) 100vw, 1024px\" \/><figcaption class=\"wp-element-caption\"><mark style=\"background-color:rgba(0, 0, 0, 0)\" class=\"has-inline-color has-black-color\">2 bancs plac\u00e9s directement sous les fen\u00eatres des chambres \u00e0 coucher des r\u00e9sidents.<\/mark><\/figcaption><\/figure>\n\n\n\n<figure class=\"wp-block-image size-large\"><img loading=\"lazy\" decoding=\"async\" width=\"1024\" height=\"768\" src=\"https:\/\/urbanicc.fr\/wp-content\/uploads\/2025\/11\/image-1-1024x768.jpeg\" alt=\"\" class=\"wp-image-7072\" srcset=\"https:\/\/urbanicc.fr\/wp-content\/uploads\/2025\/11\/image-1-1024x768.jpeg 1024w, https:\/\/urbanicc.fr\/wp-content\/uploads\/2025\/11\/image-1-300x225.jpeg 300w, https:\/\/urbanicc.fr\/wp-content\/uploads\/2025\/11\/image-1-768x576.jpeg 768w, https:\/\/urbanicc.fr\/wp-content\/uploads\/2025\/11\/image-1-1536x1152.jpeg 1536w, https:\/\/urbanicc.fr\/wp-content\/uploads\/2025\/11\/image-1.jpeg 1600w\" sizes=\"auto, (max-width: 1024px) 100vw, 1024px\" \/><figcaption class=\"wp-element-caption\"><mark style=\"background-color:rgba(0, 0, 0, 0)\" class=\"has-inline-color has-black-color\">Signal\u00e9tique anecdotique install\u00e9e par la mairie.<\/mark><\/figcaption><\/figure>\n\n\n\n<div style=\"height:100px\" aria-hidden=\"true\" class=\"wp-block-spacer\"><\/div>\n\n\n\n<h3 class=\"wp-block-heading\"><s>Un sentiment d\u2019abandon<\/s><\/h3>\n\n\n\n<p>\u00ab Peu de choses ont chang\u00e9 depuis un an \u00bb, affirment 100 % des riverains ayant r\u00e9pondu \u00e0 un r\u00e9cent questionnaire. Entre cris nocturnes, musique, consommation d\u2019alcool et de drogues diverses, tirs de p\u00e9tards sous les fen\u00eatres, la lassitude se fait sentir. \u00ab On a le sentiment d\u2019\u00eatre ignor\u00e9s, voire m\u00e9pris\u00e9s \u00bb, d\u00e9plore une habitante du Val. Plusieurs propositions pourtant simples, comme le d\u00e9placement de bancs, l\u2019ajout de jardini\u00e8res, la r\u00e9gulation des horaires d\u2019ouverture du square, sont rest\u00e9es lettre morte.<\/p>\n\n\n\n<div style=\"height:34px\" aria-hidden=\"true\" class=\"wp-block-spacer\"><\/div>\n\n\n\n<figure class=\"wp-block-image size-large\"><img loading=\"lazy\" decoding=\"async\" width=\"1024\" height=\"560\" src=\"https:\/\/urbanicc.fr\/wp-content\/uploads\/2025\/11\/image-2-1024x560.jpeg\" alt=\"\" class=\"wp-image-7074\" srcset=\"https:\/\/urbanicc.fr\/wp-content\/uploads\/2025\/11\/image-2-1024x560.jpeg 1024w, https:\/\/urbanicc.fr\/wp-content\/uploads\/2025\/11\/image-2-300x164.jpeg 300w, https:\/\/urbanicc.fr\/wp-content\/uploads\/2025\/11\/image-2-768x420.jpeg 768w, https:\/\/urbanicc.fr\/wp-content\/uploads\/2025\/11\/image-2.jpeg 1082w\" sizes=\"auto, (max-width: 1024px) 100vw, 1024px\" \/><figcaption class=\"wp-element-caption\"><mark style=\"background-color:rgba(0, 0, 0, 0)\" class=\"has-inline-color has-black-color\">R\u00e9sultats d\u2019un questionnaire lanc\u00e9 vers les habitants du passage en Septembre 25 pour \u00e9valuer l\u2019\u00e9volution du ressenti de bruit sur la passage<\/mark><\/figcaption><\/figure>\n\n\n\n<div style=\"height:100px\" aria-hidden=\"true\" class=\"wp-block-spacer\"><\/div>\n\n\n\n<h3 class=\"wp-block-heading\"><s>Un nouveau terrain de foot&nbsp;<\/s><\/h3>\n\n\n\n<p>Finalement annonc\u00e9 pour octobre, (mais toujours pas mis en service \u00e0 la date du 7 novembre) un terrain de foot devrait voir le jour rue des Lampes promet la Mairie. Mais l\u00e0 encore, les choix techniques font d\u00e9bat : pas de r\u00e9novation du sol, peu d\u2019ombre, entretien inexistant. \u00ab Ce terrain est d\u00e9j\u00e0 utilis\u00e9 comme parc canin ! \u00bb, ironise une habitante.<strong> Les habitants craignent que cette installation ne r\u00e9ponde pas aux besoins des usagers<\/strong>.<\/p>\n\n\n\n<div style=\"height:35px\" aria-hidden=\"true\" class=\"wp-block-spacer\"><\/div>\n\n\n\n<figure class=\"wp-block-image size-large\"><img loading=\"lazy\" decoding=\"async\" width=\"1024\" height=\"768\" src=\"https:\/\/urbanicc.fr\/wp-content\/uploads\/2025\/11\/image-3-1024x768.jpeg\" alt=\"\" class=\"wp-image-7075\" srcset=\"https:\/\/urbanicc.fr\/wp-content\/uploads\/2025\/11\/image-3-1024x768.jpeg 1024w, https:\/\/urbanicc.fr\/wp-content\/uploads\/2025\/11\/image-3-300x225.jpeg 300w, https:\/\/urbanicc.fr\/wp-content\/uploads\/2025\/11\/image-3-768x576.jpeg 768w, https:\/\/urbanicc.fr\/wp-content\/uploads\/2025\/11\/image-3-1536x1152.jpeg 1536w, https:\/\/urbanicc.fr\/wp-content\/uploads\/2025\/11\/image-3.jpeg 1600w\" sizes=\"auto, (max-width: 1024px) 100vw, 1024px\" \/><figcaption class=\"wp-element-caption\"><mark style=\"background-color:rgba(0, 0, 0, 0)\" class=\"has-inline-color has-black-color\">Parcelle rue des Lampes dans l\u2019attente de son futur terrain de foot.<\/mark><\/figcaption><\/figure>\n\n\n\n<div style=\"height:100px\" aria-hidden=\"true\" class=\"wp-block-spacer\"><\/div>\n\n\n\n<h3 class=\"wp-block-heading\"><s>L\u2019avion va-t-il (enfin) d\u00e9coller ?<\/s><\/h3>\n\n\n\n<p>En fin de r\u00e9union, <strong>l\u2019adjoint au quartier a annonc\u00e9 le d\u00e9montage de l\u2019avion du square<\/strong>, vieillissant selon lui. Une d\u00e9claration qui intrigue : \u00ab Il n\u2019a que six ans ! \u00bb, s\u2019\u00e9tonne un r\u00e9sident. S\u2019agit-il vraiment d\u2019un choix technique, ou d\u2019une r\u00e9ponse masqu\u00e9e aux multiples plaintes sur cet \u00e9quipement devenu le symbole des nuisances sonores subies \u00e0 Ivry-Port, jour et nuit ? L\u2019erreur est ivryenne, pourra-t\u2019on ironiser, si l\u2019on veut remettre en cause les d\u00e9cisions prises par la municipalit\u00e9 il y a 10 ans concernant l\u2019am\u00e9nagement de ce site et le choix de cet \u00e9quipement d\u00e9j\u00e0 consid\u00e9r\u00e9 comme obsol\u00e8te. Sachant qu\u2019il y a 6 mois, l\u2019adjoint aux espaces verts r\u00e9pondait aux membres du collectif qu\u2019il ne voyait aucune raison valable de s\u2019en s\u00e9parer. Aucune date de chantier pour un \u00e9ventuel nouvel am\u00e9nagement n\u2019a \u00e9t\u00e9 communiqu\u00e9e, ni aucun d\u00e9tail sur ce qui le remplacera. On sait simplement que l\u2019espace gardera sa vocation r\u00e9cr\u00e9ative, \u00e0 destination des jeunes enfants.<\/p>\n\n\n\n<div style=\"height:44px\" aria-hidden=\"true\" class=\"wp-block-spacer\"><\/div>\n\n\n\n<figure class=\"wp-block-image size-large\"><img loading=\"lazy\" decoding=\"async\" width=\"1024\" height=\"768\" src=\"https:\/\/urbanicc.fr\/wp-content\/uploads\/2025\/11\/image-4-1024x768.jpeg\" alt=\"\" class=\"wp-image-7076\" srcset=\"https:\/\/urbanicc.fr\/wp-content\/uploads\/2025\/11\/image-4-1024x768.jpeg 1024w, https:\/\/urbanicc.fr\/wp-content\/uploads\/2025\/11\/image-4-300x225.jpeg 300w, https:\/\/urbanicc.fr\/wp-content\/uploads\/2025\/11\/image-4-768x576.jpeg 768w, https:\/\/urbanicc.fr\/wp-content\/uploads\/2025\/11\/image-4-1536x1152.jpeg 1536w, https:\/\/urbanicc.fr\/wp-content\/uploads\/2025\/11\/image-4.jpeg 1600w\" sizes=\"auto, (max-width: 1024px) 100vw, 1024px\" \/><figcaption class=\"wp-element-caption\"><mark style=\"background-color:rgba(0, 0, 0, 0)\" class=\"has-inline-color has-black-color\">L\u2019avion, mis en service en 2019. Square de la Minoterie<\/mark><\/figcaption><\/figure>\n\n\n\n<div style=\"height:100px\" aria-hidden=\"true\" class=\"wp-block-spacer\"><\/div>\n\n\n\n<h3 class=\"wp-block-heading\"><s>Fermeture nocturne r\u00e9clam\u00e9e<\/s><\/h3>\n\n\n\n<p>Face aux multiples incivilit\u00e9s, aux poubelles d\u00e9bordantes et aux regroupements nocturnes, les habitants demandent une mesure claire : <strong>fermer le square la nuit<\/strong>. D&rsquo;autres espaces de la ville (comme le jardin de la rue Elisabeth, ou le square de l\u2019Insurrection, ou le square Prudhon) b\u00e9n\u00e9ficient d\u00e9j\u00e0 de cette r\u00e9gulation. <strong>Pourquoi la Mairie s\u2019obstine t\u2019elle \u00e0 laisser les alc\u00f4ves lat\u00e9rales du square de la Minoterie ouvertes la nuit<\/strong>&nbsp;? Hier encore, 6 novembre, un groupe d\u2019utilisateurs nocturnes hilares sniffaient du poppers et urinaient dans l\u2019avion vers 21h sous les yeux \u00e9bahis des r\u00e9sidents. L\u2019ouverture tardive de la boutique Proxi toujours tol\u00e9r\u00e9e par la Mairie n\u2019arrange rien.<\/p>\n\n\n\n<div style=\"height:34px\" aria-hidden=\"true\" class=\"wp-block-spacer\"><\/div>\n\n\n\n<figure class=\"wp-block-image size-large\"><img loading=\"lazy\" decoding=\"async\" width=\"1024\" height=\"774\" src=\"https:\/\/urbanicc.fr\/wp-content\/uploads\/2025\/11\/image-5-1024x774.jpeg\" alt=\"\" class=\"wp-image-7078\" srcset=\"https:\/\/urbanicc.fr\/wp-content\/uploads\/2025\/11\/image-5-1024x774.jpeg 1024w, https:\/\/urbanicc.fr\/wp-content\/uploads\/2025\/11\/image-5-300x227.jpeg 300w, https:\/\/urbanicc.fr\/wp-content\/uploads\/2025\/11\/image-5-768x580.jpeg 768w, https:\/\/urbanicc.fr\/wp-content\/uploads\/2025\/11\/image-5.jpeg 1376w\" sizes=\"auto, (max-width: 1024px) 100vw, 1024px\" \/><figcaption class=\"wp-element-caption\"><mark style=\"background-color:rgba(0, 0, 0, 0)\" class=\"has-inline-color has-black-color\">Horaires d\u2019ouverture du Square de l\u2019Insurrection \u2013 Ivry-Port<\/mark><\/figcaption><\/figure>\n\n\n\n<div style=\"height:100px\" aria-hidden=\"true\" class=\"wp-block-spacer\"><\/div>\n\n\n\n<h3 class=\"wp-block-heading\"><s>Une concertation inefficace ?<\/s><\/h3>\n\n\n\n<p>Lors de la r\u00e9union du 29 septembre dernier, l\u2019absence des \u00e9lus en charge des espaces verts et de la tranquillit\u00e9 publique a marqu\u00e9 les esprits. Pour les riverains, cela d\u00e9montre un d\u00e9sint\u00e9r\u00eat manifeste de la part de la municipalit\u00e9 sur cette probl\u00e9matique soulev\u00e9e depuis plusieurs ann\u00e9es maintenant. \u00ab On fait semblant de nous \u00e9couter \u00bb, r\u00e9sume une r\u00e9sidente. <strong>\u00ab On ne demande pas la lune, juste un cadre de vie apais\u00e9 pour nos familles \u00bb<\/strong>, conclut un autre habitant. Toujours est-il que la mairie n\u2019a m\u00eame pas pris la peine d\u2019adresser un compte rendu de cette derni\u00e8re r\u00e9union aux r\u00e9sidents participants. Et qu\u2019elle annonce \u00e0 ses interlocuteurs tout et son contraire, aux moments qu\u2019elle juge les plus opportuns. Le collectif, lui, ne baisse pas les bras, et continue de communiquer sur la probl\u00e9matique.<\/p>\n\n\n\n<div style=\"height:100px\" aria-hidden=\"true\" class=\"wp-block-spacer\"><\/div>\n\n\n\n<h3 class=\"wp-block-heading\"><s>Une crise de confiance<\/s><\/h3>\n\n\n\n<p>Le Square de la Minoterie semble cristalliser un malaise plus large sur la gouvernance locale en place. <strong>C\u2019est en effet toute la gestion municipale de l\u2019espace public ivryen qui est interrog\u00e9e ici<\/strong>. In\u00e9galit\u00e9s de traitement entre quartiers, d\u00e9cisions peu lisibles, espaces verts peu adapt\u00e9s \u00e0 la r\u00e9alit\u00e9 des besoins, mesures temporaires, (r\u00e9)am\u00e9nagements annonc\u00e9s avec des d\u00e9lais de livraison sans cesse report\u00e9s, non r\u00e9gulation des commerces contribuant aux incivilit\u00e9s r\u00e9currentes sur la voie publique\u2026. <strong>Et la cons\u00e9quence de tout cela, des conflits d\u2019usage qui persistent entre ivryens\u2026<\/strong><\/p>\n\n\n\n<div style=\"height:100px\" aria-hidden=\"true\" class=\"wp-block-spacer\"><\/div>\n\n\n\n<p>mots-cl\u00e9s: Ivry-sur-Seine, Philippe Bouyssou, Romain Marchand, MinoterieZen #Urbanicc #VieDeQuartier #CollectifCitoyen #ParticipationHabitant #Am\u00e9nagementUrbain #immobilisme #d\u00e9mocratiewashing #IvrySurSeine<\/p>\n","protected":false},"excerpt":{"rendered":"<p>Une nouvelle r\u00e9union entre riverains et repr\u00e9sentants municipaux s\u2019est tenue lundi 29 septembre 2025 autour du square de la Minoterie. Malgr\u00e9 quelques tentatives d\u2019am\u00e9nagements op\u00e9r\u00e9s pour r\u00e9duire le bruit sur le site, la frustration des habitants ne faiblit pas. Des actions jug\u00e9es \u00ab cosm\u00e9tiques \u00bb Depuis mai dernier, la mairie&#46;&#46;&#46;<\/p>\n","protected":false},"author":10,"featured_media":7086,"parent":0,"menu_order":0,"comment_status":"closed","ping_status":"closed","template":"","meta":{"_exactmetrics_skip_tracking":false,"_exactmetrics_sitenote_active":false,"_exactmetrics_sitenote_note":"","_exactmetrics_sitenote_category":0,"ngg_post_thumbnail":0,"footnotes":""},"class_list":["post-7067","page","type-page","status-publish","has-post-thumbnail","hentry"],"_links":{"self":[{"href":"https:\/\/urbanicc.fr\/index.php\/wp-json\/wp\/v2\/pages\/7067","targetHints":{"allow":["GET"]}}],"collection":[{"href":"https:\/\/urbanicc.fr\/index.php\/wp-json\/wp\/v2\/pages"}],"about":[{"href":"https:\/\/urbanicc.fr\/index.php\/wp-json\/wp\/v2\/types\/page"}],"author":[{"embeddable":true,"href":"https:\/\/urbanicc.fr\/index.php\/wp-json\/wp\/v2\/users\/10"}],"replies":[{"embeddable":true,"href":"https:\/\/urbanicc.fr\/index.php\/wp-json\/wp\/v2\/comments?post=7067"}],"version-history":[{"count":13,"href":"https:\/\/urbanicc.fr\/index.php\/wp-json\/wp\/v2\/pages\/7067\/revisions"}],"predecessor-version":[{"id":7098,"href":"https:\/\/urbanicc.fr\/index.php\/wp-json\/wp\/v2\/pages\/7067\/revisions\/7098"}],"wp:featuredmedia":[{"embeddable":true,"href":"https:\/\/urbanicc.fr\/index.php\/wp-json\/wp\/v2\/media\/7086"}],"wp:attachment":[{"href":"https:\/\/urbanicc.fr\/index.php\/wp-json\/wp\/v2\/media?parent=7067"}],"curies":[{"name":"wp","href":"https:\/\/api.w.org\/{rel}","templated":true}]}}