{"id":6988,"date":"2025-07-13T18:56:58","date_gmt":"2025-07-13T16:56:58","guid":{"rendered":"https:\/\/urbanicc.fr\/?p=6988"},"modified":"2025-07-13T19:01:35","modified_gmt":"2025-07-13T17:01:35","slug":"passage-de-la-minoterie-on-fait-le-point-suite-a-la-derniere-reunion-sur-site-organisee-par-la-mairie-avec-les-representants-du-collectif-minoterie-zen","status":"publish","type":"page","link":"https:\/\/urbanicc.fr\/index.php\/passage-de-la-minoterie-on-fait-le-point-suite-a-la-derniere-reunion-sur-site-organisee-par-la-mairie-avec-les-representants-du-collectif-minoterie-zen\/","title":{"rendered":"Passage de la Minoterie : On fait le point,\u00a0suite \u00e0 la derni\u00e8re r\u00e9union sur site organis\u00e9e par la Mairie avec les repr\u00e9sentants du Collectif Minoterie Zen"},"content":{"rendered":"\n<div style=\"height:100px\" aria-hidden=\"true\" class=\"wp-block-spacer\"><\/div>\n\n\n\n<div class=\"wp-block-columns is-layout-flex wp-container-core-columns-is-layout-9d6595d7 wp-block-columns-is-layout-flex\">\n<div class=\"wp-block-column is-layout-flow wp-block-column-is-layout-flow\" style=\"flex-basis:66.66%\">\n<h3 class=\"wp-block-heading\"><s>On recontextualise la d\u00e9marche&nbsp;<\/s><\/h3>\n\n\n\n<p>Suite au signalement de septembre 2024 fait par les riverains du Square de la Minoterie et les diverses r\u00e9unions qui ont suivi avec diff\u00e9rentes parties prenantes, le collectif Minoterie ZEN continue la concertation avec l\u2019\u00e9quipe municipale concernant les \u00e9mergences sonores subies au Square de la Minoterie. On rappelle que l\u2019objectif de ce collectif d\u2019habitants est de favoriser une r\u00e9partition plus diffuse de la fr\u00e9quentation du site, dans le but d\u2019en limiter les nuisances sonores associ\u00e9es et de passer un \u00e9t\u00e9 2025 plus apais\u00e9 que le pr\u00e9c\u00e9dent.<\/p>\n\n\n\n<div style=\"height:100px\" aria-hidden=\"true\" class=\"wp-block-spacer\"><\/div>\n\n\n<div class=\"wp-block-image\">\n<figure class=\"aligncenter size-full\"><img loading=\"lazy\" decoding=\"async\" width=\"2048\" height=\"1536\" src=\"https:\/\/urbanicc.fr\/wp-content\/uploads\/2025\/07\/image-1.png\" alt=\"\" class=\"wp-image-7013\" srcset=\"https:\/\/urbanicc.fr\/wp-content\/uploads\/2025\/07\/image-1.png 2048w, https:\/\/urbanicc.fr\/wp-content\/uploads\/2025\/07\/image-1-300x225.png 300w, https:\/\/urbanicc.fr\/wp-content\/uploads\/2025\/07\/image-1-1024x768.png 1024w, https:\/\/urbanicc.fr\/wp-content\/uploads\/2025\/07\/image-1-768x576.png 768w, https:\/\/urbanicc.fr\/wp-content\/uploads\/2025\/07\/image-1-1536x1152.png 1536w\" sizes=\"auto, (max-width: 2048px) 100vw, 2048px\" \/><\/figure>\n<\/div>\n\n\n<div style=\"height:100px\" aria-hidden=\"true\" class=\"wp-block-spacer\"><\/div>\n<\/div>\n\n\n\n<div class=\"wp-block-column urbanicc_background urbanicc_column_right is-layout-flow wp-block-column-is-layout-flow\" style=\"flex-basis:33.33%\">\n<div style=\"height:50px\" aria-hidden=\"true\" class=\"wp-block-spacer\"><\/div>\n\n\n\n<p>Depuis 3 ans, malgr\u00e9 l\u2019organisation de r\u00e9unions publiques, et de nombreuses concertations, pendant lesquelles des habitants investis dans la vie de leur quartier, prennent le temps de s\u2019exprimer sur leur quotidien de mani\u00e8re structur\u00e9e, la mairie n\u2019a toujours pas apport\u00e9 de v\u00e9ritables r\u00e9ponses \u00e0 la probl\u00e9matique du bruit g\u00e9n\u00e9r\u00e9 dans l\u2019espace public ivryen.<\/p>\n\n\n\n<p>La mairie d&rsquo;Ivry-sur-Seine ne joue pas son r\u00f4le de r\u00e9gulation des usages dans l\u2019espace public des quartiers dont elle continue de densifier la population sans apporter de r\u00e9elle solution au mieux vivre ensemble. Elle ne tient pas les engagements qu\u2019elle a pris publiquement avec les habitants.<\/p>\n\n\n\n<p><s>#immobilisme<br>#d\u00e9mocratiewashing<\/s><\/p>\n\n\n\n<div style=\"height:26px\" aria-hidden=\"true\" class=\"wp-block-spacer\"><\/div>\n\n\n\n<hr class=\"wp-block-separator has-alpha-channel-opacity\"\/>\n\n\n\n<h4 class=\"wp-block-heading\"><strong><s>Expression libre<\/s><\/strong><br>urbanicc donne la parole aux habitants d&rsquo;Ivry-Port<\/h4>\n\n\n\n<div style=\"height:12px\" aria-hidden=\"true\" class=\"wp-block-spacer\"><\/div>\n\n\n<div class=\"wp-block-image is-style-rounded\">\n<figure class=\"aligncenter size-full is-resized\"><img loading=\"lazy\" decoding=\"async\" width=\"106\" height=\"105\" src=\"https:\/\/urbanicc.fr\/wp-content\/uploads\/2025\/01\/image-11.png\" alt=\"\" class=\"wp-image-6759\" style=\"width:152px;height:auto\" srcset=\"https:\/\/urbanicc.fr\/wp-content\/uploads\/2025\/01\/image-11.png 106w, https:\/\/urbanicc.fr\/wp-content\/uploads\/2025\/01\/image-11-80x80.png 80w\" sizes=\"auto, (max-width: 106px) 100vw, 106px\" \/><\/figure>\n<\/div>\n\n\n<div style=\"height:16px\" aria-hidden=\"true\" class=\"wp-block-spacer\"><\/div>\n\n\n\n<p>Le contenu de cette page est de la responsabilit\u00e9 du <strong>Collectif Minoterie Zen<\/strong>.<\/p>\n\n\n\n<p>Retrouvez le Collectif sur sa <a href=\"https:\/\/www.facebook.com\/profile.php?id=61565740342287\">page Facebook<\/a> ou <a href=\"mailto:minoterie.zen@gmail.com\">contactez-le par mail<\/a>.<\/p>\n<\/div>\n<\/div>\n\n\n\n<h3 class=\"wp-block-heading\"><s>Ce qui a \u00e9t\u00e9 exprim\u00e9 par les habitants du passage le 12 mai dernier, date de la deuxi\u00e8me r\u00e9union convoqu\u00e9e par l\u2019\u00e9quipe municipale :&nbsp;<\/s><\/h3>\n\n\n\n<p>Les trois r\u00e9sidences riveraines du square \u00e9taient repr\u00e9sent\u00e9es (Le Val, La Minoterie, Le Quai aux Grains)<\/p>\n\n\n\n<ul class=\"wp-block-list\">\n<li>Les riverains ont exprim\u00e9 leur lassitude et leur agacement face aux utilisateurs du square aux comportements trop d\u00e9sinvoltes dans l\u2019espace public. Il y a encore beaucoup trop d\u2019incivilit\u00e9s subies, de jour, comme de nuit sur le site.<\/li>\n\n\n\n<li>Le collectif de riverains est toujours persuad\u00e9 que \u00ab&nbsp;l\u2019Avion&nbsp;\u00bb est l\u2019\u00e9quipement qui attire de trop nombreux utilisateurs tous les jours et toutes les nuits. Et que c\u2019est sa pr\u00e9sence qui g\u00e9n\u00e8re toujours plus de bruit. L\u2019emplacement choisi pour cet objet ne fait aucun sens, du fait de son volume par rapport \u00e0 la superficie du terrain sur lequel il est implant\u00e9, et son environnement direct.<\/li>\n\n\n\n<li>Tant que le bruit sera l\u00e0, le collectif ne cessera jamais d\u2019exprimer son ressenti n\u00e9gatif sur les choix qui ont \u00e9t\u00e9 faits et qui impactent quotidiennement la qualit\u00e9 de vie des r\u00e9sidents du passage de la Minoterie. Le choix d\u2019implanter \u00ab&nbsp;Les Lettres&nbsp;\u00bb, fabriqu\u00e9es en m\u00e9tal, dans cet espace encaiss\u00e9 si min\u00e9ral pose \u00e9galement question en termes de pertinence d\u2019am\u00e9nagement.<\/li>\n\n\n\n<li>Le collectif est d\u2019accord pour dire que de petits \u00e9quipements prioritairement adapt\u00e9s \u00e0 la toute petite enfance implant\u00e9s en remplacement de l\u2019avion pourraient contribuer \u00e0 r\u00e9duire les activit\u00e9s nocturnes du site de la Minoterie. Des \u00e9quipements volontairement moins polyvalents permettraient de limiter l\u2019usage du site comme point de rassemblement nocturne. L\u2019installation de jeux plus modestes permettrait \u00e9galement d\u2019att\u00e9nuer la forte attractivit\u00e9 multi-public actuelle. Ce choix enverrait par ailleurs un signal clair d\u2019am\u00e9nagement en faveur d\u2019un espace r\u00e9sidentiel et familial. Le site en serait d\u2019autant plus apais\u00e9, et les \u00e9mergences sonores r\u00e9duites.<\/li>\n<\/ul>\n\n\n\n<div style=\"height:100px\" aria-hidden=\"true\" class=\"wp-block-spacer\"><\/div>\n\n\n\n<h3 class=\"wp-block-heading\"><s>O\u00f9 en sommes-nous aujourd\u2019hui&nbsp;?&nbsp;<\/s><\/h3>\n\n\n\n<p>Les vacances scolaires d\u2019\u00e9t\u00e9 ont d\u00e9j\u00e0 commenc\u00e9. Faisons le bilan des actions de la mairie depuis le 12 mai dernier, date de la derni\u00e8re r\u00e9union convoqu\u00e9e par l\u2019\u00e9quipe municipale.<\/p>\n\n\n\n<p><\/p>\n\n\n<div class=\"wp-block-image\">\n<figure class=\"aligncenter\"><img decoding=\"async\" src=\"https:\/\/lh7-rt.googleusercontent.com\/docsz\/AD_4nXeVNo08kdegre7oXQbowsioe1uXYlONXDMdlaqVlecS5VMgupWozLCSxbmqBYjzfhWa4XR-9XV84l2WFK4MzLY1IqttLmTr1Kgo6X83ZaDSRYqgBOHtCjvuspZWVtdAUCNWig7DqxJKLatmkIVJ1TQ?key=L0T-alPthi1YK9bK_OvUdg\" alt=\"\"\/><\/figure>\n<\/div>\n\n\n<p><\/p>\n\n\n<div class=\"wp-block-image\">\n<figure class=\"aligncenter\"><img decoding=\"async\" src=\"https:\/\/lh7-rt.googleusercontent.com\/docsz\/AD_4nXdmXOR91IDL0-LhmF2zS-ExoAmojkVVsMHvxCz4BZBkOGFA8mjM2Z_pcpGqfLxevftwd__CR73KGqNktwwvpkNOTfUpw6-RQ9xZwNCAnk_wtP7PkUuxeb_-C8Zr25Yb0JahyowmCiZjCERX4G191w?key=L0T-alPthi1YK9bK_OvUdg\" alt=\"\"\/><\/figure>\n<\/div>\n\n\n<div style=\"height:100px\" aria-hidden=\"true\" class=\"wp-block-spacer\"><\/div>\n\n\n\n<div class=\"wp-block-columns is-layout-flex wp-container-core-columns-is-layout-9d6595d7 wp-block-columns-is-layout-flex\">\n<div class=\"wp-block-column is-layout-flow wp-block-column-is-layout-flow\">\n<figure class=\"wp-block-image\"><img decoding=\"async\" src=\"https:\/\/lh7-rt.googleusercontent.com\/docsz\/AD_4nXdv2DOBoo_7c3V4B0Sxof7dqdSB2bCMeAlSpynnabNd3JVADgcuIj7RxE9kgu_91owqxdF9Nb_3_PTBEFIVYKJ7Ax6bxEjQjiMqkCgt0wxJOnWkmYabOIJBDx__yA-4jA0JVpzEEJnexZ4jucQxbSQ?key=L0T-alPthi1YK9bK_OvUdg\" alt=\"\"\/><figcaption class=\"wp-element-caption\">Nouveau panneau r\u00e9gulateur de vitesse sur la rue Rigaud<\/figcaption><\/figure>\n<\/div>\n\n\n\n<div class=\"wp-block-column is-layout-flow wp-block-column-is-layout-flow\">\n<figure class=\"wp-block-image\"><img decoding=\"async\" src=\"https:\/\/lh7-rt.googleusercontent.com\/docsz\/AD_4nXd1pAX1Bj7rRFzz3bG6Ul10KAzpxn125FDDq0pghwzjvPRjLr-837cakrwlk_fEWtALqcBNWd7WkOUslVXkHYhXm-Y-mXjCXmJpiCzmNMy2syHv4CatqI7XavjUg3qKBn-vFcBVIRVxjFnev3nL4w?key=L0T-alPthi1YK9bK_OvUdg\" alt=\"\"\/><figcaption class=\"wp-element-caption\">Panonceau mieux vivre ensemble Square de la Minoterie d\u00e9croch\u00e9 au bout d\u2019une semaine<\/figcaption><\/figure>\n<\/div>\n<\/div>\n\n\n\n<div style=\"height:100px\" aria-hidden=\"true\" class=\"wp-block-spacer\"><\/div>\n\n\n\n<p>En outre, contact a \u00e9t\u00e9 pris par le collectif de riverains avec le laboratoire \u00e9co-citoyen d\u2019Ivry sur Seine et l\u2019\u00e9quipe de l\u2019adjointe \u00e0 la culture scientifique qui met en place cette ann\u00e9e une op\u00e9ration d\u2019accompagnement avec Campus Urbain sur l\u2019usage de <a href=\"https:\/\/noise-planet.org\/noisecapture.html\">l\u2019application participative NoiseCapture<\/a>. Cette application est d\u00e9di\u00e9e \u00e0 l\u2019\u00e9valuation des environnements sonores dans l\u2019espace public. Avec cet outil, des mesures peuvent \u00eatre faites pour r\u00e9v\u00e9ler les niveaux d\u2019exposition au bruit dans l\u2019espace public. L\u2019objectif de cette op\u00e9ration est de r\u00e9aliser une cartographie sonore du passage de la Minoterie en documentant les donn\u00e9es sur plusieurs p\u00e9riodes. Le collectif de riverains a commenc\u00e9 \u00e0 utiliser l\u2019application pour apporter des donn\u00e9es pr\u00e9cises sur les \u00e9mergences sonores subies et objectiver les situations rencontr\u00e9es sur le passage de la Minoterie. Plusieurs mesures ont d\u00e9j\u00e0 \u00e9t\u00e9 faites et sont consultables dans le syst\u00e8me.<\/p>\n\n\n<div class=\"wp-block-image\">\n<figure class=\"aligncenter size-large\"><img loading=\"lazy\" decoding=\"async\" width=\"1024\" height=\"394\" src=\"https:\/\/urbanicc.fr\/wp-content\/uploads\/2025\/07\/image-1024x394.png\" alt=\"\" class=\"wp-image-6989\" srcset=\"https:\/\/urbanicc.fr\/wp-content\/uploads\/2025\/07\/image-1024x394.png 1024w, https:\/\/urbanicc.fr\/wp-content\/uploads\/2025\/07\/image-300x116.png 300w, https:\/\/urbanicc.fr\/wp-content\/uploads\/2025\/07\/image-768x296.png 768w, https:\/\/urbanicc.fr\/wp-content\/uploads\/2025\/07\/image.png 1306w\" sizes=\"auto, (max-width: 1024px) 100vw, 1024px\" \/><figcaption class=\"wp-element-caption\">Exemples de relev\u00e9s pris selon le protocole d\u00e9crit le 3 juin 2025 par Campus Urbain<\/figcaption><\/figure>\n<\/div>\n\n\n<p>Depuis le 3 juin dernier, date \u00e0 laquelle les t\u00e9l\u00e9phones portables ont \u00e9t\u00e9 calibr\u00e9s pour les prises de son, le collectif de riverains, qui s\u2019est port\u00e9 volontaire pour l\u2019exp\u00e9rience, malgr\u00e9 ses tentatives de contact, n\u2019a pas \u00e9t\u00e9 rappel\u00e9 par le laboratoire \u00e9co-citoyen pour un retour sur les donn\u00e9es collect\u00e9es.&nbsp;<\/p>\n\n\n\n<div style=\"height:100px\" aria-hidden=\"true\" class=\"wp-block-spacer\"><\/div>\n\n\n\n<h3 class=\"wp-block-heading\"><s>CONCLUSIONS en ce d\u00e9but d\u2019\u00e9t\u00e9&nbsp;:<\/s><\/h3>\n\n\n\n<p>Les quelques actions r\u00e9alis\u00e9es par la Mairie ne sont pas suffisantes pour faire baisser la fr\u00e9quentation du square de la Minoterie et donc permettre de diminuer le bruit g\u00e9n\u00e9r\u00e9 dans cet espace public dont la destination actuelle, on peut le rappeler, est clairement inadapt\u00e9e \u00e0 l\u2019environnement direct.&nbsp;<\/p>\n\n\n\n<p>On constate que :<\/p>\n\n\n\n<ul class=\"wp-block-list\">\n<li>Les jeux de ballons sont toujours actifs en bas des immeubles. Les balles tapent perp\u00e9tuellement contre les grilles. Les ballons percutent toujours les pi\u00e9tons lorsqu\u2019ils s\u2019aventurent \u00e0 emprunter le passage entre les barri\u00e8res au moment de la partie de foot.<\/li>\n\n\n\n<li>Le square est utilis\u00e9 par les familles jusqu\u2019\u00e0 tr\u00e8s tard dans la nuit certains soirs.<\/li>\n\n\n\n<li>Appropriation genr\u00e9e de l\u2019espace public autour de l\u2019avion la nuit apr\u00e8s le d\u00e9part des familles, mais \u00e9galement dans la parcelle rue des Lampes c\u00f4t\u00e9 Rigaud.&nbsp;<\/li>\n\n\n\n<li>La buvette spontan\u00e9e sur les Lettres c\u00f4t\u00e9 Brandebourg, organis\u00e9e par le Proxi, est de nouveau op\u00e9rationnelle.&nbsp;<\/li>\n\n\n\n<li>Aucune r\u00e9ponse concr\u00e8te n\u2019a \u00e9t\u00e9 apport\u00e9e par la Mairie concernant les probl\u00e9matiques des comportements inciviques qui subsistent dans l\u2019espace public, tels que le tapage nocturne, ou l\u2019utilisation des haut-parleurs portatifs (diffusion de musique, conversations t\u00e9l\u00e9phoniques).<\/li>\n\n\n\n<li>L\u2019ouverture de la premi\u00e8re tranche du grand parc de la ZAC n\u2019a pas impact\u00e9 le taux de fr\u00e9quentation du Square de la Minoterie. Les r\u00e9sidents subissent toujours le bruit g\u00e9n\u00e9r\u00e9 par la fr\u00e9quentation du site.&nbsp;<\/li>\n\n\n\n<li>A la connaissance du Collectif, la mairie n\u2019a rien fait de ce qu\u2019elle a annonc\u00e9 pour encourager les utilisateurs \u00e0 se diriger vers les nouveaux espaces mis \u00e0 leur disposition, mieux adapt\u00e9s \u00e0 leurs activit\u00e9s. Elle n\u2019a, en tout \u00e9tat de cause pas communiqu\u00e9 sur les \u00e9ventuelles actions, la r\u00e9union de suivi pr\u00e9vue le 30 juin ayant \u00e9t\u00e9 annul\u00e9e sans explication.&nbsp;<\/li>\n<\/ul>\n\n\n\n<div style=\"height:100px\" aria-hidden=\"true\" class=\"wp-block-spacer\"><\/div>\n\n\n\n<h3 class=\"wp-block-heading has-text-align-center\"><strong>L\u2019objectif fix\u00e9 de r\u00e9duire le bruit \u00e0 la Minoterie avant l\u2019\u00e9t\u00e9 2025 n\u2019est pas atteint.&nbsp;&nbsp;<\/strong><\/h3>\n\n\n\n<h2 class=\"wp-block-heading has-text-align-center\"><strong><s>LE BRUIT EST TOUJOURS LA.<\/s><\/strong><\/h2>\n\n\n\n<h3 class=\"wp-block-heading has-text-align-center\"><strong>L\u2019\u00e9quipe municipale bricole sur les \u00e9quipements publics avec une vision sous-estim\u00e9e et non r\u00e9aliste des besoins du quartier. Elle n\u2019oeuvre pas suffisamment pour apporter \u00e0 la jeunesse d\u2019Ivry-Port les \u00e9quipements n\u00e9cessaires au bon \u00e9quilibre des usages de l\u2019espace public.&nbsp;<\/strong><\/h3>\n\n\n\n<h2 class=\"wp-block-heading has-text-align-center\"><strong><s>La Mairie d\u2019Ivry a pourtant un r\u00f4le d\u00e9cisif \u00e0 jouer dans le r\u00e9\u00e9quilibrage des usages du passage de la Minoterie.<\/s><\/strong><\/h2>\n\n\n\n<div style=\"height:100px\" aria-hidden=\"true\" class=\"wp-block-spacer\"><\/div>\n\n\n\n<h3 class=\"wp-block-heading\"><strong>Le collectif de r\u00e9sidents Minoterie Zen reste mobilis\u00e9 !<\/strong><\/h3>\n\n\n\n<p>Passage de la Minoterie, 10 juillet 2025.<\/p>\n\n\n\n<figure class=\"wp-block-image\"><img decoding=\"async\" src=\"https:\/\/lh7-rt.googleusercontent.com\/docsz\/AD_4nXfWwvbQ7pnXlj-PMC3TrOKvZt7dLX7ZXC4ZAVxyJf5cykFjkKRbEqY1Bz98OxXxm2Xwbf5zgV1jkvFvsVUPhmtHwGbQArGoL4Uh-D-NvWAEERGwAChCroqfvjrBPnQalzIrKPs69xQEkKzUsS1A4w?key=L0T-alPthi1YK9bK_OvUdg\" alt=\"\"\/><\/figure>\n\n\n\n<div style=\"height:100px\" aria-hidden=\"true\" class=\"wp-block-spacer\"><\/div>\n\n\n\n<p><\/p>\n","protected":false},"excerpt":{"rendered":"<p>On recontextualise la d\u00e9marche&nbsp; Suite au signalement de septembre 2024 fait par les riverains du Square de la Minoterie et les diverses r\u00e9unions qui ont suivi avec diff\u00e9rentes parties prenantes, le collectif Minoterie ZEN continue la concertation avec l\u2019\u00e9quipe municipale concernant les \u00e9mergences sonores subies au Square de la Minoterie.&#46;&#46;&#46;<\/p>\n","protected":false},"author":10,"featured_media":7032,"parent":0,"menu_order":0,"comment_status":"closed","ping_status":"closed","template":"","meta":{"_exactmetrics_skip_tracking":false,"_exactmetrics_sitenote_active":false,"_exactmetrics_sitenote_note":"","_exactmetrics_sitenote_category":0,"ngg_post_thumbnail":0,"footnotes":""},"class_list":["post-6988","page","type-page","status-publish","has-post-thumbnail","hentry"],"_links":{"self":[{"href":"https:\/\/urbanicc.fr\/index.php\/wp-json\/wp\/v2\/pages\/6988","targetHints":{"allow":["GET"]}}],"collection":[{"href":"https:\/\/urbanicc.fr\/index.php\/wp-json\/wp\/v2\/pages"}],"about":[{"href":"https:\/\/urbanicc.fr\/index.php\/wp-json\/wp\/v2\/types\/page"}],"author":[{"embeddable":true,"href":"https:\/\/urbanicc.fr\/index.php\/wp-json\/wp\/v2\/users\/10"}],"replies":[{"embeddable":true,"href":"https:\/\/urbanicc.fr\/index.php\/wp-json\/wp\/v2\/comments?post=6988"}],"version-history":[{"count":31,"href":"https:\/\/urbanicc.fr\/index.php\/wp-json\/wp\/v2\/pages\/6988\/revisions"}],"predecessor-version":[{"id":7030,"href":"https:\/\/urbanicc.fr\/index.php\/wp-json\/wp\/v2\/pages\/6988\/revisions\/7030"}],"wp:featuredmedia":[{"embeddable":true,"href":"https:\/\/urbanicc.fr\/index.php\/wp-json\/wp\/v2\/media\/7032"}],"wp:attachment":[{"href":"https:\/\/urbanicc.fr\/index.php\/wp-json\/wp\/v2\/media?parent=6988"}],"curies":[{"name":"wp","href":"https:\/\/api.w.org\/{rel}","templated":true}]}}