{"id":6963,"date":"2025-06-13T00:32:13","date_gmt":"2025-06-12T22:32:13","guid":{"rendered":"https:\/\/urbanicc.fr\/?page_id=6963"},"modified":"2025-06-13T00:32:14","modified_gmt":"2025-06-12T22:32:14","slug":"incinerateur-ivry-paris-13-72-conseils-locaux-fcpe-demandent-sa-fermeture-face-au-risque-pour-les-enfants","status":"publish","type":"page","link":"https:\/\/urbanicc.fr\/index.php\/incinerateur-ivry-paris-13-72-conseils-locaux-fcpe-demandent-sa-fermeture-face-au-risque-pour-les-enfants\/","title":{"rendered":"Incin\u00e9rateur Ivry\/Paris 13 : 72 conseils locaux FCPE demandent sa fermeture face au risque pour les enfants."},"content":{"rendered":"\n<h3 class=\"wp-block-heading\"><strong><s>Pollution autour de l\u2019incin\u00e9rateur d\u2019Ivry\/Paris 13 : Les agences de l\u2019\u00c9tat et les pouvoirs publics incapables de rassurer les parents, l\u2019incin\u00e9rateur doit fermer.<\/s><\/strong><\/h3>\n\n\n\n<p><s>communiqu\u00e9 de presse &#8211; Repr\u00e9sentants de Parents d\u2019\u00c9l\u00e8ves &#8211; 11 juin 2025<\/s><\/p>\n\n\n\n<div class=\"wp-block-columns is-layout-flex wp-container-core-columns-is-layout-9d6595d7 wp-block-columns-is-layout-flex\">\n<div class=\"wp-block-column is-layout-flow wp-block-column-is-layout-flow\" style=\"flex-basis:66.66%\">\n<p><strong>Cosignatures :<\/strong><br>&#8211; Conseils Locaux d\u2019Ivry-sur-Seine<br>FCPE \u00c9cole Albert Einstein<br>FCPE \u00c9cole Anne Sylvestre<br>FCPE \u00c9cole Anton Makarenko<br>FCPE \u00c9cole Dulcie September<br>FCPE \u00c9cole Gabriel P\u00e9ri<br>FCPE \u00c9cole Guy M\u00f4quet<br>FCPE Coll\u00e8ge Henri Wallon<br>FCPE \u00c9cole Joliot Curie<br>FCPE \u00c9cole Maurice Thorez<br>FCPE \u00c9cole Orme au Chat<br>FCPE \u00c9cole Paul Langevin<br>FCPE \u00c9cole Rosalind Franklin<br>&#8211; Union Locale FCPE de Paris 13e<br>(39 Conseils Locaux)<br>&#8211; Union Locale FCPE de Paris 12e (21 Conseils Locaux)<br>&#8211; Les Unions Locales FCPE du 12e et du 13e arrondissements de Paris partagent les inqui\u00e9tudes des parents d\u2019Ivry et demandent \u00e9galement des \u00e9tudes fiables et ind\u00e9pendantes des impacts sur nos enfants.<br>&#8211; Avec le soutien de la FCPE 94<br>&#8211; Avec le soutien de la FCPE Paris<\/p>\n\n\n\n<p><\/p>\n<\/div>\n\n\n\n<div class=\"wp-block-column urbanicc_background urbanicc_column_right is-layout-flow wp-block-column-is-layout-flow\" style=\"flex-basis:33.33%\">\n<h2 class=\"wp-block-heading\">Contacts<\/h2>\n\n\n\n<p>Les parents d&rsquo;\u00e9l\u00e8ves contre la pollution  : <a href=\"https:\/\/pecp.fr\/\">site web<\/a><\/p>\n<\/div>\n<\/div>\n\n\n\n<h3 class=\"wp-block-heading\">Pollution autour de l\u2019incin\u00e9rateur d\u2019Ivry\/Paris 13 : Les agences de l\u2019\u00c9tat et les pouvoirs publics incapables de rassurer les parents, l\u2019incin\u00e9rateur doit fermer.<\/h3>\n\n\n\n<p>Nous, parents d\u2019\u00e9l\u00e8ves d\u2019Ivry-sur-Seine et des communes voisines, \u00e9tions nombreux \u00e0 \u00eatre pr\u00e9sents \u00e0 <strong>la r\u00e9union d\u2019information sur la pr\u00e9sence de polluants en ville<\/strong> organis\u00e9e par la Mairie d\u2019Ivry-sur-Seine, mardi 27 mai 2025 \u00e0 l\u2019H\u00f4tel de Ville.<\/p>\n\n\n\n<p>Nous saluons la tenue de cette r\u00e9union, dont le sujet est source d\u2019une grande inqui\u00e9tude pour les habitants de nos communes, et tout particuli\u00e8rement pour nous, parents.<\/p>\n\n\n\n<p>Nous saluons l\u2019exposition claire du Collectif 3R, et ses efforts pour rendre accessibles des donn\u00e9es scientifiques d\u2019int\u00e9r\u00eat pour toute la population.<\/p>\n\n\n\n<p>Nous saluons que la Mairie d\u2019Ivry ait assur\u00e9 la pr\u00e9sence dans la salle des repr\u00e9sentants de l\u2019Agence R\u00e9gional de Sant\u00e9 (ARS), de la Pr\u00e9fecture du Val-de-Marne, de la Direction R\u00e9gionale et Interd\u00e9partementale de l&rsquo;Environnement, de l&rsquo;Am\u00e9nagement et des Transports d&rsquo;\u00cele-de-France (DRIEAT), et de l\u2019\u00c9ducation Nationale. Nous regrettons en revanche<br>l\u2019absence criante des responsables du Syctom, autre que le Maire lui-m\u00eame dans sa qualit\u00e9 de 4e Vice-Pr\u00e9sident, et deux techniciens, et l\u2019absence de repr\u00e9sentants de Suez, exploitant de l\u2019incin\u00e9rateur.<\/p>\n\n\n\n<p>Des donn\u00e9es ont \u00e9t\u00e9 pr\u00e9sent\u00e9es qui montrent une pollution consid\u00e9rable aux dioxines et aux m\u00e9taux lourds dans les \u00e9coles et les parcs de nos quartiers, et leur lien av\u00e9r\u00e9 avec les \u00e9missions de l\u2019incin\u00e9rateur d\u2019Ivry\/Paris 13. Ces donn\u00e9es proviennent des rapports du bureau d\u2019\u00e9tudes ToxicoWatch, mais aussi des mesures d\u2019autosurveillance du Syctom, analys\u00e9es par le Collectif 3R et le journal Le Monde.<\/p>\n\n\n\n<p>Cela fait plusieurs mois que ces informations sont disponibles. Certaines remontent \u00e0 plusieurs ann\u00e9es. Elles avaient motiv\u00e9 une lettre adress\u00e9e \u00e0 l\u2019ARS et au Pr\u00e9fet du Val-de-Marne, sign\u00e9e le 9 avril 2025 par les repr\u00e9sentants de parents d\u2019\u00e9l\u00e8ves de plusieurs de nos \u00e9coles \u2013 \u00e0 ce jour rest\u00e9e sans r\u00e9ponse. Notre question \u00e9tait claire :<\/p>\n\n\n\n<h4 class=\"wp-block-heading\"><s>Est-il dangereux d\u2019\u00e9lever nos enfants aux abords de l\u2019incin\u00e9rateur d\u2019Ivry\/Paris 13 ?<\/s><\/h4>\n\n\n\n<p>Nous nous sommes rendus \u00e0 la r\u00e9union du 27 mai avec l\u2019espoir d\u2019obtenir une r\u00e9ponse \u00e0 cette question.<\/p>\n\n\n\n<p>Or, les responsables de l\u2019ARS, de la Pr\u00e9fecture et de la DRIEAT n\u2019ont pas \u00e9t\u00e9 en capacit\u00e9 de commenter avec clart\u00e9 les donn\u00e9es en discussion, et de r\u00e9pondre avec pr\u00e9cision aux nombreuses questions de la salle.<\/p>\n\n\n\n<p>Aucune pr\u00e9sentation n\u2019avait \u00e9t\u00e9 pr\u00e9par\u00e9e de leur part pour \u00e9clairer le d\u00e9bat public.<\/p>\n\n\n\n<p>Aucun \u00e9l\u00e9ment concret n\u2019a \u00e9t\u00e9 mis en avant pour confirmer, infirmer ou relativiser les informations qui nous inqui\u00e8tent, comme avait plaid\u00e9 le Maire d\u2019Ivry avant la r\u00e9union.<\/p>\n\n\n\n<p>Il n\u2019y a eu aucune description pr\u00e9cise des \u00e9tudes en cours ou \u00e0 mener pour apporter les \u00e9l\u00e9ments de r\u00e9ponse manquants.<\/p>\n\n\n\n<p>Personne n\u2019a pu expliquer les d\u00e9fauts de l\u2019autosurveillance du Syctom. Aucune autorit\u00e9 publique ne s\u2019est exprim\u00e9e pour demander des comptes au Syctom face aux contradictions de sa communication avec ses propres donn\u00e9es.<\/p>\n\n\n\n<p>Personne n\u2019a r\u00e9ussi \u00e0 dissiper l\u2019impression que nous d\u00e9pendons du travail d\u2019associations d\u2019habitants b\u00e9n\u00e9voles pour que ces informations nous parviennent et pour que des enqu\u00eates sanitaires soient initi\u00e9es par les services publics.<\/p>\n\n\n\n<p>Personne n\u2019a pu expliquer pourquoi le nouvel incin\u00e9rateur sera soumis \u00e0 des normes moins strictes que celles pratiqu\u00e9es par exemple aux Pays-Bas, pour un incin\u00e9rateur construit en 2011. Les repr\u00e9sentants de la Pr\u00e9fecture du Val-de-Marne semblaient m\u00eame ne pas savoir s\u2019ils ont la comp\u00e9tence pour abaisser ces normes.<\/p>\n\n\n\n<h4 class=\"wp-block-heading\"><s>Surtout, aucune autorit\u00e9 publique n\u2019a pu dire si la pollution constat\u00e9e est grave pour la sant\u00e9 des habitants et des nos enfants.<\/s><\/h4>\n\n\n\n<p>La seule proposition d\u2019action qui a \u00e9t\u00e9 \u00e9voqu\u00e9 est la fermeture potentielle de certaines \u00e9coles d\u2019Ivry-sur-Seine, ce qui nous laisse perplexes. D\u2019abord, parce que nous avons du mal \u00e0 concevoir comment une telle d\u00e9cision pourrait \u00eatre men\u00e9e \u00e0 bien, \u00e0 l\u2019heure ou les \u00e9tablissement scolaires traversent des situations tendues partout dans notre territoire. Ensuite, car cette situation causerait de grandes difficult\u00e9s pour les familles dont les enfants seraient envoy\u00e9s loin de leur domicile. Enfin, car ce qui est mis en \u00e9vidence par les \u00e9tudes sur les mousses est une importante pollution atmosph\u00e9rique, qui est donc forc\u00e9ment pr\u00e9sente \u00e9galement partout ailleurs dans nos quartiers.<\/p>\n\n\n\n<h4 class=\"wp-block-heading\"><s>Nous sommes sortis de cette r\u00e9union plus inquiets que nous ne sommes arriv\u00e9s.<\/s><\/h4>\n\n\n\n<p>Nous n\u2019acceptons pas que la sant\u00e9 des nos enfants et de nous tous soit mise en p\u00e9ril par un d\u00e9faut de service public, voire par la d\u00e9fense d\u2019int\u00e9r\u00eats industriels.<\/p>\n\n\n\n<p><s>Face au vide laiss\u00e9 par les autorit\u00e9s publiques, et en application du principe de pr\u00e9caution consacr\u00e9 par nos Institutions, nous exigeons l\u2019<strong>arr\u00eat imm\u00e9diat de l\u2019incin\u00e9ration de d\u00e9chets \u00e0 Ivry-sur-Seine<\/strong>. \u00c0 d\u00e9faut, nous serions amen\u00e9s \u00e0 tenir responsables l\u2019\u00c9tat et ses repr\u00e9sentants des cons\u00e9quences sur la sant\u00e9 des habitants et de nos enfants qui r\u00e9sulteraient<br>de leur inaction.<\/s><\/p>\n\n\n\n<div style=\"height:100px\" aria-hidden=\"true\" class=\"wp-block-spacer\"><\/div>\n","protected":false},"excerpt":{"rendered":"<p>Pollution autour de l\u2019incin\u00e9rateur d\u2019Ivry\/Paris 13 : Les agences de l\u2019\u00c9tat et les pouvoirs publics incapables de rassurer les parents, l\u2019incin\u00e9rateur doit fermer. communiqu\u00e9 de presse &#8211; Repr\u00e9sentants de Parents d\u2019\u00c9l\u00e8ves &#8211; 11 juin 2025 Cosignatures :&#8211; Conseils Locaux d\u2019Ivry-sur-SeineFCPE \u00c9cole Albert EinsteinFCPE \u00c9cole Anne SylvestreFCPE \u00c9cole Anton MakarenkoFCPE \u00c9cole&#46;&#46;&#46;<\/p>\n","protected":false},"author":1,"featured_media":6966,"parent":0,"menu_order":0,"comment_status":"closed","ping_status":"closed","template":"","meta":{"_exactmetrics_skip_tracking":false,"_exactmetrics_sitenote_active":false,"_exactmetrics_sitenote_note":"","_exactmetrics_sitenote_category":0,"ngg_post_thumbnail":0,"footnotes":""},"class_list":["post-6963","page","type-page","status-publish","has-post-thumbnail","hentry"],"_links":{"self":[{"href":"https:\/\/urbanicc.fr\/index.php\/wp-json\/wp\/v2\/pages\/6963","targetHints":{"allow":["GET"]}}],"collection":[{"href":"https:\/\/urbanicc.fr\/index.php\/wp-json\/wp\/v2\/pages"}],"about":[{"href":"https:\/\/urbanicc.fr\/index.php\/wp-json\/wp\/v2\/types\/page"}],"author":[{"embeddable":true,"href":"https:\/\/urbanicc.fr\/index.php\/wp-json\/wp\/v2\/users\/1"}],"replies":[{"embeddable":true,"href":"https:\/\/urbanicc.fr\/index.php\/wp-json\/wp\/v2\/comments?post=6963"}],"version-history":[{"count":3,"href":"https:\/\/urbanicc.fr\/index.php\/wp-json\/wp\/v2\/pages\/6963\/revisions"}],"predecessor-version":[{"id":6967,"href":"https:\/\/urbanicc.fr\/index.php\/wp-json\/wp\/v2\/pages\/6963\/revisions\/6967"}],"wp:featuredmedia":[{"embeddable":true,"href":"https:\/\/urbanicc.fr\/index.php\/wp-json\/wp\/v2\/media\/6966"}],"wp:attachment":[{"href":"https:\/\/urbanicc.fr\/index.php\/wp-json\/wp\/v2\/media?parent=6963"}],"curies":[{"name":"wp","href":"https:\/\/api.w.org\/{rel}","templated":true}]}}