{"id":6868,"date":"2025-03-31T23:37:07","date_gmt":"2025-03-31T21:37:07","guid":{"rendered":"https:\/\/urbanicc.fr\/?page_id=6868"},"modified":"2025-04-01T14:13:15","modified_gmt":"2025-04-01T12:13:15","slug":"ivry-sur-seine-lanalyse-des-mousses-revele-une-pollution-majeure-et-recente-autour-de-lincinerateur","status":"publish","type":"page","link":"https:\/\/urbanicc.fr\/index.php\/ivry-sur-seine-lanalyse-des-mousses-revele-une-pollution-majeure-et-recente-autour-de-lincinerateur\/","title":{"rendered":"Ivry-sur-Seine : l&rsquo;analyse des mousses r\u00e9v\u00e8le une pollution majeure et r\u00e9cente autour de l&rsquo;incin\u00e9rateur."},"content":{"rendered":"\n<h3 class=\"wp-block-heading\"><s>Z\u00e9ro Waste Europe (ZWE) publie aujourd\u2019hui les r\u00e9sultats de l\u2019analyse interm\u00e9diaire de l\u2019\u00e9tude conduite par l\u2019organisme n\u00e9erlandais ind\u00e9pendant de recherche ToxicoWatch sur la pollution (dioxines, dl-PCB, m\u00e9taux lourds [14] et PFAS) dans des mousses, le sol et la v\u00e9g\u00e9tation \u00e0 proximit\u00e9 de trois incin\u00e9rateurs en Europe (Harlingen aux Pays-Bas, Zubieta en Espagne et Ivry-sur-Seine en France).<\/s><\/h3>\n\n\n\n<div style=\"height:100px\" aria-hidden=\"true\" class=\"wp-block-spacer\"><\/div>\n\n\n\n<div class=\"wp-block-columns is-layout-flex wp-container-core-columns-is-layout-9d6595d7 wp-block-columns-is-layout-flex\">\n<div class=\"wp-block-column is-layout-flow wp-block-column-is-layout-flow\" style=\"flex-basis:66.66%\">\n<p>communiqu\u00e9 du 1er avril 2025<\/p>\n\n\n\n<div style=\"height:100px\" aria-hidden=\"true\" class=\"wp-block-spacer\"><\/div>\n\n\n\n<p>Dix-huit \u00e9chantillons de mousses de type Bryophytes ont \u00e9t\u00e9 collect\u00e9s avec l\u2019aide du Collectif 3R dans l\u2019environnement autour de l\u2019incin\u00e9rateur d\u2019Ivry-Paris XIII en octobre 2024 et f\u00e9vrier 2025. Cinq pr\u00e9l\u00e8vements ont \u00e9t\u00e9 r\u00e9alis\u00e9s dans des cours d\u2019\u00e9coles primaires (Dulcie September, Guy M\u00f4quet, et Orme au Chat \u00e0 Ivry, Port aux Lions et Robert Desnos \u00e0 Charenton) et un \u00e0 proximit\u00e9 d\u2019une cr\u00e8che parentale. Aucun pr\u00e9l\u00e8vement de mousse n\u2019a pu \u00eatre r\u00e9alis\u00e9 \u00e0 l\u2019\u00e9cole Anne Sylvestre.<\/p>\n\n\n\n<p>Les mousses permettent d\u2019\u00e9valuer la pollution atmosph\u00e9rique r\u00e9cente et actuelle car elles absorbent \u00e0 partir de l\u2019air les m\u00e9taux lourds et les polluants organiques persistants (POPs). N\u2019ayant pas de syst\u00e8me racinaire, elles sont peu sensibles \u00e0 la pollution ancienne pr\u00e9sente dans les sols.<\/p>\n\n\n\n<p>Tous les pr\u00e9l\u00e8vements de mousses r\u00e9colt\u00e9s dans les cours d\u2019\u00e9coles montrent des concentrations de dioxines sup\u00e9rieures aux valeurs limites europ\u00e9ennes pour la s\u00e9curit\u00e9 alimentaire &#8211; avec des mesures parfois dix fois plus importantes que la limite maximale recommand\u00e9e par l\u2019Union Europ\u00e9enne (\u00e9coles Guy M\u00f4quet et Port aux Lions).<\/p>\n\n\n\n<p>On constate une pollution massive aux m\u00e9taux lourds dans les pr\u00e9l\u00e8vements de mousses pr\u00e9lev\u00e9s dans quatre \u00e9coles (Dulcie September, Guy M\u00f4quet, Orme au Chat et Port aux Lions) avec des taux sup\u00e9rieurs \u00e0 100 fois les seuils maximaux recommand\u00e9s concernant l&rsquo;aluminium, le cobalt, le plomb et l\u2019\u00e9tain.<\/p>\n\n\n\n<p>Les \u00e9tudes r\u00e9alis\u00e9es autour des incin\u00e9rateurs d\u2019Harlingen aux Pays-Bas et Zubieta en Espagne publi\u00e9es par ZWE montrent une contamination majeure autour de chaque incin\u00e9rateur. A Harlingen, les concentrations de dioxines dans les sols en 2024 sont sept fois plus importantes en comparaison \u00e0 ceux collect\u00e9s en 2013 (peu apr\u00e8s la mise en service de l\u2019usine), ce qui d\u00e9montre une pollution tr\u00e8s probablement li\u00e9e \u00e0 l\u2019incin\u00e9ration.<\/p>\n\n\n\n<div style=\"height:100px\" aria-hidden=\"true\" class=\"wp-block-spacer\"><\/div>\n\n\n\n<h3 class=\"wp-block-heading\">Am\u00e9lie BOESPFLUG, co-pr\u00e9sidente du Collectif 3R r\u00e9agit :<\/h3>\n\n\n\n<p>\u201cL\u2019aggravation de la pollution autour de l\u2019incin\u00e9rateur d\u2019Harlingen depuis sa mise en service est tr\u00e8s pr\u00e9occupante. En effet il s\u2019agit d\u2019un incin\u00e9rateur de derni\u00e8re g\u00e9n\u00e9ration construit en 2011 dont les normes d&rsquo;\u00e9missions autoris\u00e9es pour la dioxine (0.01 pgTEQ\/Nm3) sont plus strictes que celles pr\u00e9vues pour le nouvel incin\u00e9rateur \u00e0 Ivry-sur-Seine (0.8 pgTEQ\/Nm3). Ce constat montre qu\u2019on ne peut pas garantir une incin\u00e9ration \u201cpropre\u201d m\u00eame avec une installation qui utilise les meilleures techniques disponibles.\u201d<\/p>\n<\/div>\n\n\n\n<div class=\"wp-block-column urbanicc_background urbanicc_column_right is-layout-flow wp-block-column-is-layout-flow\" style=\"flex-basis:33.33%\">\n<h4 class=\"wp-block-heading\"><strong><s>Expression libre<\/s><\/strong><br>urbanicc donne la parole aux habitants d&rsquo;Ivry-Port<\/h4>\n\n\n\n<div style=\"height:39px\" aria-hidden=\"true\" class=\"wp-block-spacer\"><\/div>\n\n\n<div class=\"wp-block-image\">\n<figure class=\"aligncenter size-full is-resized\"><img loading=\"lazy\" decoding=\"async\" width=\"676\" height=\"287\" src=\"https:\/\/urbanicc.fr\/wp-content\/uploads\/2025\/03\/image-2.png\" alt=\"\" class=\"wp-image-6871\" style=\"width:207px;height:auto\" srcset=\"https:\/\/urbanicc.fr\/wp-content\/uploads\/2025\/03\/image-2.png 676w, https:\/\/urbanicc.fr\/wp-content\/uploads\/2025\/03\/image-2-300x127.png 300w\" sizes=\"auto, (max-width: 676px) 100vw, 676px\" \/><\/figure>\n<\/div>\n\n\n<h4 class=\"wp-block-heading has-text-align-center\"><strong><s>Collectif 3R<\/s><\/strong><\/h4>\n\n\n\n<p class=\"has-text-align-center\"><strong>avec ToxicoWatch et Zero Waste Europe<br><br><\/strong><\/p>\n\n\n<div class=\"wp-block-image\">\n<figure class=\"aligncenter size-full is-resized\"><img loading=\"lazy\" decoding=\"async\" width=\"286\" height=\"88\" src=\"https:\/\/urbanicc.fr\/wp-content\/uploads\/2025\/03\/image-5.png\" alt=\"\" class=\"wp-image-6874\" style=\"width:197px;height:auto\"\/><\/figure>\n<\/div>\n\n<div class=\"wp-block-image\">\n<figure class=\"aligncenter size-large is-resized\"><img loading=\"lazy\" decoding=\"async\" width=\"1024\" height=\"626\" src=\"https:\/\/urbanicc.fr\/wp-content\/uploads\/2025\/03\/image-6-1024x626.png\" alt=\"\" class=\"wp-image-6875\" style=\"width:203px;height:auto\" srcset=\"https:\/\/urbanicc.fr\/wp-content\/uploads\/2025\/03\/image-6-1024x626.png 1024w, https:\/\/urbanicc.fr\/wp-content\/uploads\/2025\/03\/image-6-300x183.png 300w, https:\/\/urbanicc.fr\/wp-content\/uploads\/2025\/03\/image-6-768x469.png 768w, https:\/\/urbanicc.fr\/wp-content\/uploads\/2025\/03\/image-6-1536x939.png 1536w, https:\/\/urbanicc.fr\/wp-content\/uploads\/2025\/03\/image-6.png 1600w\" sizes=\"auto, (max-width: 1024px) 100vw, 1024px\" \/><\/figure>\n<\/div>\n\n\n<div style=\"height:39px\" aria-hidden=\"true\" class=\"wp-block-spacer\"><\/div>\n\n\n\n<hr class=\"wp-block-separator has-alpha-channel-opacity\"\/>\n\n\n<div class=\"wp-block-image\">\n<figure class=\"aligncenter size-full\"><img loading=\"lazy\" decoding=\"async\" width=\"1000\" height=\"563\" src=\"https:\/\/urbanicc.fr\/wp-content\/uploads\/2025\/03\/image-8.png\" alt=\"\" class=\"wp-image-6888\" srcset=\"https:\/\/urbanicc.fr\/wp-content\/uploads\/2025\/03\/image-8.png 1000w, https:\/\/urbanicc.fr\/wp-content\/uploads\/2025\/03\/image-8-300x169.png 300w, https:\/\/urbanicc.fr\/wp-content\/uploads\/2025\/03\/image-8-768x432.png 768w\" sizes=\"auto, (max-width: 1000px) 100vw, 1000px\" \/><\/figure>\n<\/div>\n\n\n<div style=\"height:23px\" aria-hidden=\"true\" class=\"wp-block-spacer\"><\/div>\n\n\n\n<div class=\"wp-block-file aligncenter\"><a id=\"wp-block-file--media-61b01a11-fe57-4cff-97d4-68c601a783e1\" href=\"https:\/\/urbanicc.fr\/wp-content\/uploads\/2025\/03\/Biomonitoring-research-Paris_J03-AA7-KB04.pdf\"><strong>Etude des polluants organiques persistants (POP) dans l&rsquo;environnement autour de l&rsquo;incin\u00e9rateur de d\u00e9chets \u00e0 Ivry-sur-Seine, Paris 2025<\/strong><br><\/a><a href=\"https:\/\/urbanicc.fr\/wp-content\/uploads\/2025\/03\/Biomonitoring-research-Paris_J03-AA7-KB04.pdf\" class=\"wp-block-file__button wp-element-button\" download aria-describedby=\"wp-block-file--media-61b01a11-fe57-4cff-97d4-68c601a783e1\">T\u00e9l\u00e9charger<\/a><\/div>\n\n\n\n<div style=\"height:34px\" aria-hidden=\"true\" class=\"wp-block-spacer\"><\/div>\n\n\n\n<p><a href=\"https:\/\/zerowasteeurope.eu\/library\/the-true-toxic-toll-biomonitoring-report-in-paris-france\/\">Communiqu\u00e9 de presse de Zero Waste Europe<\/a><\/p>\n\n\n\n<div style=\"height:9px\" aria-hidden=\"true\" class=\"wp-block-spacer\"><\/div>\n<\/div>\n<\/div>\n\n\n\n<p>Au vu de ces r\u00e9sultats, le Collectif 3R soutient le projet de loi d\u00e9pos\u00e9 \u00e0 l\u2019Assembl\u00e9e Nationale pour un moratoire sur la construction de nouveaux incin\u00e9rateurs en France.<\/p>\n\n\n\n<p>Le Collectif 3R exige pour le nouvel incin\u00e9rateur d\u2019Ivry Paris XIII :<\/p>\n\n\n\n<ul class=\"wp-block-list\">\n<li>que les seuils maximaux l\u00e9gaux de dioxines, PFAS et m\u00e9taux lourds \u00e9mis dans les fum\u00e9es de l\u2019incin\u00e9rateur soient abaiss\u00e9s ;<\/li>\n\n\n\n<li>qu\u2019un contr\u00f4le r\u00e9ellement continu 7j\/7 et 24h\/24 des \u00e9missions de dioxines et des particules fines et ultrafines soit effectu\u00e9 avec une publication rapide des r\u00e9sultats ;<\/li>\n\n\n\n<li>qu\u2019un bio-monitoring r\u00e9gulier de l&rsquo;environnement soit r\u00e9alis\u00e9 pour \u00e9tudier l\u2019impact de l\u2019incin\u00e9rateur sur l\u2019environnement au cours du temps.&nbsp;<\/li>\n<\/ul>\n\n\n\n<div style=\"height:100px\" aria-hidden=\"true\" class=\"wp-block-spacer\"><\/div>\n\n\n\n<h3 class=\"wp-block-heading\">Jean-Christophe BRASSAC, co-pr\u00e9sident du Collectif 3R d\u00e9clare :<\/h3>\n\n\n\n<p>\u201cNous luttons contre ce projet de reconstruction depuis des ann\u00e9es, sans succ\u00e8s malgr\u00e9 avoir d\u00e9montr\u00e9 la possibilit\u00e9 de solutions alternatives. Il semble paradoxal de vivre dans un environnement pollu\u00e9 tout en densifiant ces quartiers et m\u00eame en pr\u00f4nant l&rsquo;agriculture urbaine.\u201d<\/p>\n\n\n\n<p>Lorsque le Collectif 3R a alert\u00e9 sur la pollution aux dioxines \u00e0 proximit\u00e9 de l\u2019incin\u00e9rateur en 2021, les autorit\u00e9s publiques ont consid\u00e9r\u00e9 que c\u2019\u00e9tait un probl\u00e8me d&rsquo;\u0153ufs de poules domestiques dont la consommation a \u00e9t\u00e9 d\u00e9conseill\u00e9e par l\u2019ARS dans toute l\u2019aire urbaine de Paris. Cette strat\u00e9gie appara\u00eet insuffisante face aux enjeux sanitaires et environnementaux caus\u00e9s par l\u2019incin\u00e9ration: il faut agir sur les sources potentielles d\u2019\u00e9missions de pollution.<\/p>\n\n\n\n<div style=\"height:100px\" aria-hidden=\"true\" class=\"wp-block-spacer\"><\/div>\n\n\n\n<h3 class=\"wp-block-heading\">Anne CONNAN, secr\u00e9taire du Collectif 3R interpelle :<\/h3>\n\n\n\n<p>\u201cLa pollution mise en \u00e9vidence dans l\u2019\u00e9tude r\u00e9alis\u00e9e par ToxicoWatch ne doit pas amener \u00e0 diminuer la v\u00e9g\u00e9talisation ni dans les cours d\u2019\u00e9cole ni dans l\u2019espace public car la v\u00e9g\u00e9tation a une capacit\u00e9 de d\u00e9pollution qui la rend fondamentale dans une zone si pollu\u00e9e. \u201d<\/p>\n\n\n\n<p><\/p>\n\n\n\n<div style=\"height:100px\" aria-hidden=\"true\" class=\"wp-block-spacer\"><\/div>\n\n\n\n<h3 class=\"wp-block-heading\"><s>A propos du Collectif 3R<\/s><\/h3>\n\n\n\n<p>Le Collectif 3R milite pour une meilleure gestion des d\u00e9chets, soit &#8211; dans l\u2019ordre des trois R: R\u00e9duire, R\u00e9-utiliser, Recycler et contre le tout-incin\u00e9ration.<\/p>\n\n\n\n<p>Le Collectif 3R rassemble des associations (Agir \u00e0 Villejuif, Les Amis de la Terre Paris, Arivem, Attac-Ivry-Charenton, CLCV-Ivry, Passerelles, Affamons l\u2019incin\u00e9rateur de Cr\u00e9teil) soucieuses du cadre de vie et de l\u2019environnement tant local que r\u00e9gional et b\u00e9n\u00e9ficie du soutien de Zero Waste France.<\/p>\n\n\n\n<p><a href=\"https:\/\/collectif3r.org\/\">https:\/\/collectif3r.org\/<\/a><\/p>\n\n\n\n<div style=\"height:100px\" aria-hidden=\"true\" class=\"wp-block-spacer\"><\/div>\n","protected":false},"excerpt":{"rendered":"<p>Z\u00e9ro Waste Europe (ZWE) publie aujourd\u2019hui les r\u00e9sultats de l\u2019analyse interm\u00e9diaire de l\u2019\u00e9tude conduite par l\u2019organisme n\u00e9erlandais ind\u00e9pendant de recherche ToxicoWatch sur la pollution (dioxines, dl-PCB, m\u00e9taux lourds [14] et PFAS) dans des mousses, le sol et la v\u00e9g\u00e9tation \u00e0 proximit\u00e9 de trois incin\u00e9rateurs en Europe (Harlingen aux Pays-Bas, Zubieta&#46;&#46;&#46;<\/p>\n","protected":false},"author":1,"featured_media":6895,"parent":0,"menu_order":0,"comment_status":"closed","ping_status":"closed","template":"","meta":{"_exactmetrics_skip_tracking":false,"_exactmetrics_sitenote_active":false,"_exactmetrics_sitenote_note":"","_exactmetrics_sitenote_category":0,"ngg_post_thumbnail":0,"footnotes":""},"class_list":["post-6868","page","type-page","status-publish","has-post-thumbnail","hentry"],"_links":{"self":[{"href":"https:\/\/urbanicc.fr\/index.php\/wp-json\/wp\/v2\/pages\/6868","targetHints":{"allow":["GET"]}}],"collection":[{"href":"https:\/\/urbanicc.fr\/index.php\/wp-json\/wp\/v2\/pages"}],"about":[{"href":"https:\/\/urbanicc.fr\/index.php\/wp-json\/wp\/v2\/types\/page"}],"author":[{"embeddable":true,"href":"https:\/\/urbanicc.fr\/index.php\/wp-json\/wp\/v2\/users\/1"}],"replies":[{"embeddable":true,"href":"https:\/\/urbanicc.fr\/index.php\/wp-json\/wp\/v2\/comments?post=6868"}],"version-history":[{"count":21,"href":"https:\/\/urbanicc.fr\/index.php\/wp-json\/wp\/v2\/pages\/6868\/revisions"}],"predecessor-version":[{"id":6905,"href":"https:\/\/urbanicc.fr\/index.php\/wp-json\/wp\/v2\/pages\/6868\/revisions\/6905"}],"wp:featuredmedia":[{"embeddable":true,"href":"https:\/\/urbanicc.fr\/index.php\/wp-json\/wp\/v2\/media\/6895"}],"wp:attachment":[{"href":"https:\/\/urbanicc.fr\/index.php\/wp-json\/wp\/v2\/media?parent=6868"}],"curies":[{"name":"wp","href":"https:\/\/api.w.org\/{rel}","templated":true}]}}