{"id":6719,"date":"2025-01-23T20:12:35","date_gmt":"2025-01-23T19:12:35","guid":{"rendered":"https:\/\/urbanicc.fr\/?page_id=6719"},"modified":"2025-01-23T20:12:37","modified_gmt":"2025-01-23T19:12:37","slug":"repenser-les-amenagements-passage-de-la-minoterie-quartier-ivry-port","status":"publish","type":"page","link":"https:\/\/urbanicc.fr\/index.php\/repenser-les-amenagements-passage-de-la-minoterie-quartier-ivry-port\/","title":{"rendered":"Repenser les am\u00e9nagements &#8211; Passage de la Minoterie &#8211; Quartier Ivry-Port"},"content":{"rendered":"\n<h3 class=\"wp-block-heading\"><strong><s>Retour sur la r\u00e9union du 27 novembre 24<\/s><\/strong><\/h3>\n\n\n\n<div style=\"height:100px\" aria-hidden=\"true\" class=\"wp-block-spacer\"><\/div>\n\n\n\n<div class=\"wp-block-columns is-layout-flex wp-container-core-columns-is-layout-9d6595d7 wp-block-columns-is-layout-flex\">\n<div class=\"wp-block-column is-layout-flow wp-block-column-is-layout-flow\" style=\"flex-basis:66.66%\"><div class=\"wp-block-image\">\n<figure class=\"aligncenter size-large is-resized\"><img loading=\"lazy\" decoding=\"async\" width=\"1024\" height=\"768\" src=\"https:\/\/urbanicc.fr\/wp-content\/uploads\/2025\/01\/Panneau-1024x768.jpg\" alt=\"\" class=\"wp-image-6795\" style=\"width:491px;height:auto\" srcset=\"https:\/\/urbanicc.fr\/wp-content\/uploads\/2025\/01\/Panneau-1024x768.jpg 1024w, https:\/\/urbanicc.fr\/wp-content\/uploads\/2025\/01\/Panneau-300x225.jpg 300w, https:\/\/urbanicc.fr\/wp-content\/uploads\/2025\/01\/Panneau-768x576.jpg 768w, https:\/\/urbanicc.fr\/wp-content\/uploads\/2025\/01\/Panneau-1536x1152.jpg 1536w, https:\/\/urbanicc.fr\/wp-content\/uploads\/2025\/01\/Panneau.jpg 1920w\" sizes=\"auto, (max-width: 1024px) 100vw, 1024px\" \/><figcaption class=\"wp-element-caption\">cr\u00e9dit photo : Minoterie Zen<\/figcaption><\/figure>\n<\/div>\n\n\n<h3 class=\"wp-block-heading\"><strong>On recontextualise la d\u00e9marche<\/strong><\/h3>\n\n\n\n<p>Suite \u00e0 un courrier envoy\u00e9 au Maire d\u2019Ivry en Septembre 2024, exp\u00e9di\u00e9 par le collectif de riverains Minoterie Zen, sign\u00e9 par 111 r\u00e9sidents du quartier, et quelques articles dans la presse locale relatant le contexte de la probl\u00e9matique v\u00e9cue par ses riverains, le passage de la Minoterie redevient un sujet de conversation anim\u00e9e dans les r\u00e9unions de concertation si ch\u00e8res \u00e0 l\u2019\u00e9quipe municipale ivryenne.<\/p>\n\n\n\n<p>Rappelons ce qui est d\u00e9nonc\u00e9 pour la deuxi\u00e8me fois en trois ans par les riverains du quartier : Le Passage \/ Square de la Minoterie est un lieu particuli\u00e8rement inadapt\u00e9 pour les \u00e9quipements qu\u2019il h\u00e9berge du fait de l\u2019extr\u00eame min\u00e9ralit\u00e9 du site et de l\u2019effet caisson de r\u00e9sonance g\u00e9n\u00e9r\u00e9 par cette min\u00e9ralit\u00e9. En 2020, un collectif de r\u00e9sidents avait d\u00e9j\u00e0 interpell\u00e9 les \u00e9lus sur la question.&nbsp;<\/p>\n\n\n\n<p>Du fait de l\u2019importante min\u00e9ralit\u00e9 du site, de la multiplicit\u00e9 des usages qui se sont cumul\u00e9s en son sein depuis 2015, et de l\u2019accroissement de la population dans le quartier Ivry-Port, sont g\u00e9n\u00e9r\u00e9es au quotidien, \u00e9t\u00e9 comme hiver, des \u00e9mergences sonores extr\u00eamement fortes pour les riverains.&nbsp;<\/p>\n\n\n\n<p>Depuis l\u2019\u00e9t\u00e9 2019, suite \u00e0 la mise en place de l\u2019avion r\u00e9cr\u00e9atif sur le site, les r\u00e9sidents des immeubles alentour souffrent dans leur habitat. Le site baptis\u00e9 aujourd\u2019hui Square de la Minoterie est toujours surfr\u00e9quent\u00e9 par les utilisateurs, de jour comme de nuit, malgr\u00e9 les tentatives de la Mairie de donner le change, en mettant en \u0153uvre, via la SADEV, quelques am\u00e9nagements dont aujourd\u2019hui, on constate l\u2019\u00e9chec, le bruit \u00e9tant toujours l\u00e0.<\/p>\n<\/div>\n\n\n\n<div class=\"wp-block-column urbanicc_background urbanicc_column_right is-layout-flow wp-block-column-is-layout-flow\" style=\"flex-basis:33.33%\">\n<h3 class=\"wp-block-heading\"><s>P\u00e9tition, lettre au maire, r\u00e9unions publiques, ateliers de concertation. Depuis 3 ans un collectif de r\u00e9sidents cherche \u00e0 am\u00e9liorer sa vie de quartier \u00e0 Ivry-Port. L\u2019\u00e9quipe municipale Ivryenne r\u00e9pond timidement. Entend-elle ? Passera-t\u2019elle \u00e0 l\u2019action ? On fait le point.<\/s><\/h3>\n\n\n\n<div style=\"height:26px\" aria-hidden=\"true\" class=\"wp-block-spacer\"><\/div>\n\n\n\n<hr class=\"wp-block-separator has-alpha-channel-opacity\"\/>\n\n\n\n<h4 class=\"wp-block-heading\"><strong><s>Expression libre<\/s><\/strong><br>urbanicc donne la parole aux habitants d&rsquo;Ivry-Port<\/h4>\n\n\n\n<div style=\"height:12px\" aria-hidden=\"true\" class=\"wp-block-spacer\"><\/div>\n\n\n<div class=\"wp-block-image is-style-rounded\">\n<figure class=\"aligncenter size-full is-resized\"><img loading=\"lazy\" decoding=\"async\" width=\"106\" height=\"105\" src=\"https:\/\/urbanicc.fr\/wp-content\/uploads\/2025\/01\/image-11.png\" alt=\"\" class=\"wp-image-6759\" style=\"width:152px;height:auto\" srcset=\"https:\/\/urbanicc.fr\/wp-content\/uploads\/2025\/01\/image-11.png 106w, https:\/\/urbanicc.fr\/wp-content\/uploads\/2025\/01\/image-11-80x80.png 80w\" sizes=\"auto, (max-width: 106px) 100vw, 106px\" \/><\/figure>\n<\/div>\n\n\n<div style=\"height:16px\" aria-hidden=\"true\" class=\"wp-block-spacer\"><\/div>\n\n\n\n<p>Le contenu de cette page est de la responsabilit\u00e9 du <strong>Collectif Minoterie Zen<\/strong>.<\/p>\n\n\n\n<p>Retrouvez le Collectif sur sa <a href=\"https:\/\/www.facebook.com\/profile.php?id=61565740342287\">page Facebook<\/a> ou <a href=\"mailto:minoterie.zen@gmail.com\">contactez-le par mail<\/a>.<\/p>\n<\/div>\n<\/div>\n\n\n\n<p><\/p>\n\n\n\n<div style=\"height:100px\" aria-hidden=\"true\" class=\"wp-block-spacer\"><\/div>\n\n\n\n<h2 class=\"wp-block-heading has-text-align-center has-background\" style=\"background-color:#abb7c22b\"><strong><s>La gestion du bruit g\u00e9n\u00e9r\u00e9 dans l\u2019espace public est pourtant une question de sant\u00e9 publique dont les mairies doivent absolument se saisir aujourd\u2019hui.<\/s><\/strong><\/h2>\n\n\n\n<div style=\"height:100px\" aria-hidden=\"true\" class=\"wp-block-spacer\"><\/div>\n\n\n\n<div class=\"wp-block-columns is-layout-flex wp-container-core-columns-is-layout-9d6595d7 wp-block-columns-is-layout-flex\">\n<div class=\"wp-block-column is-layout-flow wp-block-column-is-layout-flow\"><div class=\"wp-block-image\">\n<figure class=\"aligncenter size-large\"><img loading=\"lazy\" decoding=\"async\" width=\"1024\" height=\"768\" src=\"https:\/\/urbanicc.fr\/wp-content\/uploads\/2025\/01\/Avion-4-1024x768.jpg\" alt=\"\" class=\"wp-image-6796\" srcset=\"https:\/\/urbanicc.fr\/wp-content\/uploads\/2025\/01\/Avion-4-1024x768.jpg 1024w, https:\/\/urbanicc.fr\/wp-content\/uploads\/2025\/01\/Avion-4-300x225.jpg 300w, https:\/\/urbanicc.fr\/wp-content\/uploads\/2025\/01\/Avion-4-768x576.jpg 768w, https:\/\/urbanicc.fr\/wp-content\/uploads\/2025\/01\/Avion-4-1536x1152.jpg 1536w, https:\/\/urbanicc.fr\/wp-content\/uploads\/2025\/01\/Avion-4.jpg 1920w\" sizes=\"auto, (max-width: 1024px) 100vw, 1024px\" \/><figcaption class=\"wp-element-caption\">cr\u00e9dit photo : Minoterie Zen<\/figcaption><\/figure>\n<\/div><\/div>\n\n\n\n<div class=\"wp-block-column is-layout-flow wp-block-column-is-layout-flow\"><div class=\"wp-block-image\">\n<figure class=\"aligncenter size-large\"><img loading=\"lazy\" decoding=\"async\" width=\"1024\" height=\"768\" src=\"https:\/\/urbanicc.fr\/wp-content\/uploads\/2025\/01\/Avion-3-1024x768.jpg\" alt=\"\" class=\"wp-image-6797\" srcset=\"https:\/\/urbanicc.fr\/wp-content\/uploads\/2025\/01\/Avion-3-1024x768.jpg 1024w, https:\/\/urbanicc.fr\/wp-content\/uploads\/2025\/01\/Avion-3-300x225.jpg 300w, https:\/\/urbanicc.fr\/wp-content\/uploads\/2025\/01\/Avion-3-768x576.jpg 768w, https:\/\/urbanicc.fr\/wp-content\/uploads\/2025\/01\/Avion-3-1536x1152.jpg 1536w, https:\/\/urbanicc.fr\/wp-content\/uploads\/2025\/01\/Avion-3.jpg 1920w\" sizes=\"auto, (max-width: 1024px) 100vw, 1024px\" \/><figcaption class=\"wp-element-caption\">cr\u00e9dit photo : Minoterie Zen<\/figcaption><\/figure>\n<\/div><\/div>\n<\/div>\n\n\n\n<div style=\"height:100px\" aria-hidden=\"true\" class=\"wp-block-spacer\"><\/div>\n\n\n\n<h3 class=\"wp-block-heading\"><strong>La r\u00e9union de concertation du 11 octobre&nbsp;<\/strong><\/h3>\n\n\n\n<p>Le collectif Minoterie Zen, \u00e0 l\u2019occasion d\u2019une r\u00e9union de concertation qui s\u2019est tenue en octobre dernier, s\u2019est projet\u00e9 dans le passage de la Minoterie id\u00e9al, en esquissant des principes de r\u00e9am\u00e9nagement, et voici un extrait des pr\u00e9sentations qui ont \u00e9t\u00e9 faites.<\/p>\n\n\n\n<div class=\"wp-block-columns is-layout-flex wp-container-core-columns-is-layout-9d6595d7 wp-block-columns-is-layout-flex\">\n<div class=\"wp-block-column is-layout-flow wp-block-column-is-layout-flow\">\n<figure class=\"wp-block-image size-full\"><img loading=\"lazy\" decoding=\"async\" width=\"448\" height=\"335\" src=\"https:\/\/urbanicc.fr\/wp-content\/uploads\/2025\/01\/image.png\" alt=\"\" class=\"wp-image-6720\" srcset=\"https:\/\/urbanicc.fr\/wp-content\/uploads\/2025\/01\/image.png 448w, https:\/\/urbanicc.fr\/wp-content\/uploads\/2025\/01\/image-300x224.png 300w\" sizes=\"auto, (max-width: 448px) 100vw, 448px\" \/><\/figure>\n\n\n\n<figure class=\"wp-block-image size-full\"><img loading=\"lazy\" decoding=\"async\" width=\"448\" height=\"335\" src=\"https:\/\/urbanicc.fr\/wp-content\/uploads\/2025\/01\/image-2.png\" alt=\"\" class=\"wp-image-6722\" srcset=\"https:\/\/urbanicc.fr\/wp-content\/uploads\/2025\/01\/image-2.png 448w, https:\/\/urbanicc.fr\/wp-content\/uploads\/2025\/01\/image-2-300x224.png 300w\" sizes=\"auto, (max-width: 448px) 100vw, 448px\" \/><\/figure>\n<\/div>\n\n\n\n<div class=\"wp-block-column is-layout-flow wp-block-column-is-layout-flow\">\n<figure class=\"wp-block-image size-full\"><img loading=\"lazy\" decoding=\"async\" width=\"448\" height=\"335\" src=\"https:\/\/urbanicc.fr\/wp-content\/uploads\/2025\/01\/image-1.png\" alt=\"\" class=\"wp-image-6721\" srcset=\"https:\/\/urbanicc.fr\/wp-content\/uploads\/2025\/01\/image-1.png 448w, https:\/\/urbanicc.fr\/wp-content\/uploads\/2025\/01\/image-1-300x224.png 300w\" sizes=\"auto, (max-width: 448px) 100vw, 448px\" \/><\/figure>\n\n\n\n<figure class=\"wp-block-image size-full\"><img loading=\"lazy\" decoding=\"async\" width=\"448\" height=\"335\" src=\"https:\/\/urbanicc.fr\/wp-content\/uploads\/2025\/01\/image-3.png\" alt=\"\" class=\"wp-image-6723\" srcset=\"https:\/\/urbanicc.fr\/wp-content\/uploads\/2025\/01\/image-3.png 448w, https:\/\/urbanicc.fr\/wp-content\/uploads\/2025\/01\/image-3-300x224.png 300w\" sizes=\"auto, (max-width: 448px) 100vw, 448px\" \/><\/figure>\n<\/div>\n<\/div>\n\n\n\n<div style=\"height:100px\" aria-hidden=\"true\" class=\"wp-block-spacer\"><\/div>\n\n\n\n<h3 class=\"wp-block-heading\"><strong>La r\u00e9union de travail du 27 novembre 2024<\/strong><\/h3>\n\n\n\n<p>Cette r\u00e9union du 11 octobre, organis\u00e9e en grand comit\u00e9 a donn\u00e9 lieu \u00e0 une autre r\u00e9union sur site le 27 novembre, cette fois-ci en comit\u00e9 plus restreint. En pr\u00e9sence de trois \u00e9lus concern\u00e9s par les probl\u00e9matiques adress\u00e9es (espaces verts, tranquillit\u00e9 publique, et quartier Ivry-Port), une repr\u00e9sentante du cabinet du maire, deux repr\u00e9sentantes des usagers du square et deux repr\u00e9sentants des riverains (non moins usagers du square), des \u00e9changes ont eu lieu pendant 1h30 sur site, il a \u00e9t\u00e9 question :<\/p>\n\n\n\n<ul class=\"wp-block-list\">\n<li>Pour les repr\u00e9sentants des usagers du square, d\u2019exprimer leur besoin en termes d\u2019espaces r\u00e9cr\u00e9atifs dans le quartier, ainsi que le cadre de leur fr\u00e9quentation du square. A noter : Les logements des deux personnes ne donnant pas sur le square, il est pos\u00e9 d\u00e8s le d\u00e9part de la r\u00e9union que les nuisances ne sont pas subies de leur c\u00f4t\u00e9. Dans le compte rendu de cette premi\u00e8re r\u00e9union r\u00e9dig\u00e9 par la mairie, l\u2019int\u00e9r\u00eat de l\u2019espace pour les enfants et familles est rappel\u00e9, notamment en \u00e9t\u00e9, lorsqu\u2019il fait trop chaud dans les logements.<\/li>\n<\/ul>\n\n\n\n<ul class=\"wp-block-list\">\n<li>Pour les repr\u00e9sentants des riverains, habitants du square : il \u00e9tait important d\u2019\u00e9tablir le constat des divers m\u00e9susages et&nbsp; nuisances subies dans l\u2019enceinte du passage, pour poser les bases sur lesquelles les futurs ateliers de travail pourront s\u2019appuyer pour faire \u00e9voluer les usages. Les repr\u00e9sentants des riverains habitants du square ont expliqu\u00e9 les cons\u00e9quences du bruit \u00e9mergeant jusqu\u2019\u00e0 leur int\u00e9rieur et la mani\u00e8re dont ils doivent adapter leur quotidien (en portant un casque anti-bruit \u00e0 l\u2019int\u00e9rieur de leur appartement, notamment en \u00e9t\u00e9, lorsqu\u2019il fait trop chaud dans les logements !) pour subir cette nuisance le moins possible. On note que leurs t\u00e9moignages ne sont pas rapport\u00e9s dans le compte-rendu r\u00e9dig\u00e9 par la mairie.<\/li>\n<\/ul>\n\n\n\n<ul class=\"wp-block-list\">\n<li>Pour les repr\u00e9sentants de la Mairie, Il \u00e9tait important de poser d\u00e8s le d\u00e9part ce qui a \u00e9t\u00e9 appel\u00e9 <em>Les Invariants<\/em> du passage, autrement dit les \u00e9l\u00e9ments sur lesquels la municipalit\u00e9 ne bougera pas. C\u2019est donc comme cela que la concertation commence, on sait d\u00e8s la premi\u00e8re r\u00e9union que le blocus sera fait sur les points les plus critiques. En r\u00e9sum\u00e9 :\n<ul class=\"wp-block-list\">\n<li>Les horaires d\u2019usage de l\u2019espace r\u00e9cr\u00e9atif ne seront pas r\u00e9glement\u00e9s, car l\u2019espace doit selon eux rester public H24, pour \u201cfavoriser la rencontre, la convivialit\u00e9, et cr\u00e9er de la mixit\u00e9.\u201d Y compris la nuit ?<\/li>\n\n\n\n<li>L\u2019\u00e9quipement ludique (autour de l\u2019avion) ne sera pas d\u00e9plac\u00e9, cet \u00e9quipement ne pr\u00e9sentant aucun probl\u00e8me de s\u00e9curit\u00e9 selon l\u2019adjoint aux espaces verts et l\u2019adjoint d\u00e9l\u00e9gu\u00e9 au quartier. Il n\u2019y a aucune raison de le d\u00e9placer. Il y a pourtant tellement de raisons de le faire, car c\u2019est cet \u00e9quipement aujourd\u2019hui qui catalyse la fr\u00e9quentation du site et g\u00e9n\u00e8re du bruit. Rappelons que Romain Marchand, 1er adjoint au maire, avait d\u00e9clar\u00e9 publiquement le 11 octobre dernier \u00eatre ouvert \u00e0 la discussion sur ce point.<\/li>\n\n\n\n<li>Les riverains du passage doivent s\u2019approprier l\u2019espace de la Minoterie, l\u2019occuper autant que les usagers. Cette derni\u00e8re th\u00e9orie est plut\u00f4t compliqu\u00e9e \u00e0 appliquer en pratique. Il n\u2019est absolument pas question d\u2019entrer en conflit entre ivryens pour laisser les \u00e9lus compter les points. Il n\u2019est pas question de d\u00e9grader les \u00e9quipements en place, car il ne s\u2019agit pas de p\u00e9naliser les utilisateurs du site, qui ont besoin de ces \u00e9quipements (mais \u00e0 un endroit adapt\u00e9, on le r\u00e9p\u00e8te). Il n\u2019est pas question de faire le travail des m\u00e9diateurs que la Mairie ne planifie pas sur la zone suffisamment souvent. Alors qu\u2019est-ce que \u00e7a veut dire s\u2019approprier l\u2019espace, en tant que riverain ?<\/li>\n<\/ul>\n<\/li>\n<\/ul>\n\n\n\n<div style=\"height:20px\" aria-hidden=\"true\" class=\"wp-block-spacer\"><\/div>\n\n\n\n<p>Ces premiers \u00e9l\u00e9ments de r\u00e9ponses ne refl\u00e8tent pas les propos tenus par Romain Marchand, 1er adjoint au maire \u00e0 l\u2019issue de la r\u00e9union du 11 octobre (\u00e0 laquelle l\u2019adjoint aux espaces verts n\u2019a pas particip\u00e9), pr\u00eat \u00e0 admettre les erreurs commises, rectifier le tir et travailler de concert avec les riverains \u00e0 des solutions acceptables pour tous\u2026 Qui croire ?<\/p>\n\n\n\n<div style=\"height:100px\" aria-hidden=\"true\" class=\"wp-block-spacer\"><\/div>\n\n\n\n<div class=\"wp-block-columns is-layout-flex wp-container-core-columns-is-layout-9d6595d7 wp-block-columns-is-layout-flex\">\n<div class=\"wp-block-column is-layout-flow wp-block-column-is-layout-flow\"><div class=\"wp-block-image\">\n<figure class=\"aligncenter size-full\"><img loading=\"lazy\" decoding=\"async\" width=\"2560\" height=\"1920\" src=\"https:\/\/urbanicc.fr\/wp-content\/uploads\/2025\/01\/Lettres-2-scaled.jpg\" alt=\"\" class=\"wp-image-6798\" srcset=\"https:\/\/urbanicc.fr\/wp-content\/uploads\/2025\/01\/Lettres-2-scaled.jpg 2560w, https:\/\/urbanicc.fr\/wp-content\/uploads\/2025\/01\/Lettres-2-300x225.jpg 300w, https:\/\/urbanicc.fr\/wp-content\/uploads\/2025\/01\/Lettres-2-1024x768.jpg 1024w, https:\/\/urbanicc.fr\/wp-content\/uploads\/2025\/01\/Lettres-2-768x576.jpg 768w, https:\/\/urbanicc.fr\/wp-content\/uploads\/2025\/01\/Lettres-2-1536x1152.jpg 1536w, https:\/\/urbanicc.fr\/wp-content\/uploads\/2025\/01\/Lettres-2-2048x1536.jpg 2048w\" sizes=\"auto, (max-width: 2560px) 100vw, 2560px\" \/><figcaption class=\"wp-element-caption\">cr\u00e9dit photo : Minoterie Zen<\/figcaption><\/figure>\n<\/div><\/div>\n\n\n\n<div class=\"wp-block-column is-layout-flow wp-block-column-is-layout-flow\"><div class=\"wp-block-image\">\n<figure class=\"aligncenter size-full\"><img loading=\"lazy\" decoding=\"async\" width=\"1920\" height=\"1440\" src=\"https:\/\/urbanicc.fr\/wp-content\/uploads\/2025\/01\/Lettres-3.jpg\" alt=\"\" class=\"wp-image-6799\" srcset=\"https:\/\/urbanicc.fr\/wp-content\/uploads\/2025\/01\/Lettres-3.jpg 1920w, https:\/\/urbanicc.fr\/wp-content\/uploads\/2025\/01\/Lettres-3-300x225.jpg 300w, https:\/\/urbanicc.fr\/wp-content\/uploads\/2025\/01\/Lettres-3-1024x768.jpg 1024w, https:\/\/urbanicc.fr\/wp-content\/uploads\/2025\/01\/Lettres-3-768x576.jpg 768w, https:\/\/urbanicc.fr\/wp-content\/uploads\/2025\/01\/Lettres-3-1536x1152.jpg 1536w\" sizes=\"auto, (max-width: 1920px) 100vw, 1920px\" \/><figcaption class=\"wp-element-caption\">cr\u00e9dit photo : Minoterie Zen<\/figcaption><\/figure>\n<\/div><\/div>\n<\/div>\n\n\n\n<div style=\"height:100px\" aria-hidden=\"true\" class=\"wp-block-spacer\"><\/div>\n\n\n\n<h3 class=\"wp-block-heading\"><strong>Pour un espace public apais\u00e9 \u00e0 la Minoterie<\/strong><\/h3>\n\n\n\n<p>Pour le collectif Minoterie Zen, le bruit doit \u00eatre r\u00e9duit le long du passage et dans les alc\u00f4ves pour revenir \u00e0 un environnement apais\u00e9. Seule l\u2019\u00e9volution des usages de ces espaces permettra la diminution de la fr\u00e9quentation du site, et donc des \u00e9mergences sonores subies aujourd\u2019hui. L\u2019\u00e9volution des usages passera forc\u00e9ment par un r\u00e9am\u00e9nagement des espaces. Les erreurs d\u2019am\u00e9nagement de l\u2019espace public commises par la SADEV 94, missionn\u00e9e par la Mairie d\u2019Ivry, doivent \u00eatre r\u00e9par\u00e9es au nom du bien vivre ensemble, pour le bien \u00eatre de tous.<\/p>\n\n\n\n<ul class=\"wp-block-list\">\n<li>Le passage de la Minoterie doit en effet rester public, car sa fonction de passage, entre la rue Rigaud et le boulevard de Brandebourg est n\u00e9cessaire, le collectif de riverains accepte cet &nbsp;<em>invariant<\/em>. Surtout si le coll\u00e8ge Assia Djebar ouvre en septembre prochain, comme le Maire d\u2019Ivry l\u2019a annonc\u00e9 au dernier Conseil Municipal. En effet, ce qui \u00e9tait initialement pens\u00e9 comme un passage doit le redevenir. Les usages de l\u2019espace public doivent cependant \u00eatre r\u00e9glement\u00e9s, pour des raisons \u00e9videntes de vivre-ensemble. Il est n\u00e9cessaire de poser le cadre d\u2019utilisation de l\u2019espace public. Cela passe par de la m\u00e9diation, de la signal\u00e9tique et une fermeture des espaces-alcoves la nuit, comme c\u2019est d\u00e9j\u00e0 le cas dans d\u2019autres espaces verts ivryens. Nous le r\u00e9p\u00e9tons, surtout si le coll\u00e8ge Assia Djebar ouvre en septembre prochain, car le passage sera encore plus fr\u00e9quent\u00e9 qu\u2019aujourd\u2019hui et d\u2019autres m\u00e9susages s\u2019y ancreront in\u00e9vitablement.<\/li>\n<\/ul>\n\n\n\n<ul class=\"wp-block-list\">\n<li>Les nouveaux espaces verts \u00e0 venir (\u00e0 savoir, les timides marquages au sol de la Plaine Gambetta, le futur jardin partag\u00e9 Marsha P. Johnson, entre les rues Rigaud et Jaur\u00e8s, le parvis de l\u2019\u00e9cole R. Franklin)&nbsp; ne suffiront pas \u00e0 d\u00e9sengorger la fr\u00e9quentation du square de la Minoterie. Ces solutions de proximit\u00e9 propos\u00e9es actuellement ne sont ni suffisamment attractives, ni suffisamment fonctionnelles. Elles ne concurrenceront pas le Square de la&nbsp; Minoterie, surtout si son am\u00e9nagement actuel reste en l\u2019\u00e9tat. Et en ce qui concerne le futur parc de la ZAC Confluences, on ne peut pas le consid\u00e9rer comme un espace vert de proximit\u00e9 pour les utilisateurs de la Minoterie.<\/li>\n<\/ul>\n\n\n\n<ul class=\"wp-block-list\">\n<li>Avec une population ivryenne qui ne cessera d\u2019augmenter dans les ann\u00e9es \u00e0 venir, si l\u2019on en croit les programmations immobili\u00e8res en cours, l\u2019espace public doit \u00eatre repens\u00e9, les d\u00e9g\u00e2ts acoustiques cr\u00e9\u00e9s par la b\u00e9tonisation galopante des programmes immobiliers doivent \u00eatre anticip\u00e9s par les urbanistes et les paysagistes. Le concept d\u2019Ivrynage, tel qu\u2019il a \u00e9t\u00e9 imagin\u00e9 ces derni\u00e8res ann\u00e9es, doit \u00eatre remis en cause, les parcelles (\u00eelots) d\u00e9di\u00e9es \u00e0 ces espaces sont trop restreintes en termes de superficie et cela p\u00e8se lourdement sur le quotidien du voisinage direct.<\/li>\n<\/ul>\n\n\n\n<div style=\"height:100px\" aria-hidden=\"true\" class=\"wp-block-spacer\"><\/div>\n\n\n\n<div class=\"wp-block-columns is-layout-flex wp-container-core-columns-is-layout-9d6595d7 wp-block-columns-is-layout-flex\">\n<div class=\"wp-block-column is-layout-flow wp-block-column-is-layout-flow\"><div class=\"wp-block-image\">\n<figure class=\"aligncenter size-large\"><img loading=\"lazy\" decoding=\"async\" width=\"1024\" height=\"768\" src=\"https:\/\/urbanicc.fr\/wp-content\/uploads\/2025\/01\/Bancs-BatK-1-1024x768.jpg\" alt=\"\" class=\"wp-image-6812\" srcset=\"https:\/\/urbanicc.fr\/wp-content\/uploads\/2025\/01\/Bancs-BatK-1-1024x768.jpg 1024w, https:\/\/urbanicc.fr\/wp-content\/uploads\/2025\/01\/Bancs-BatK-1-300x225.jpg 300w, https:\/\/urbanicc.fr\/wp-content\/uploads\/2025\/01\/Bancs-BatK-1-768x576.jpg 768w, https:\/\/urbanicc.fr\/wp-content\/uploads\/2025\/01\/Bancs-BatK-1-1536x1152.jpg 1536w, https:\/\/urbanicc.fr\/wp-content\/uploads\/2025\/01\/Bancs-BatK-1-2048x1536.jpg 2048w\" sizes=\"auto, (max-width: 1024px) 100vw, 1024px\" \/><figcaption class=\"wp-element-caption\">cr\u00e9dit photo : Minoterie Zen<\/figcaption><\/figure>\n<\/div><\/div>\n\n\n\n<div class=\"wp-block-column is-layout-flow wp-block-column-is-layout-flow\"><div class=\"wp-block-image\">\n<figure class=\"aligncenter size-large\"><img loading=\"lazy\" decoding=\"async\" width=\"1024\" height=\"768\" src=\"https:\/\/urbanicc.fr\/wp-content\/uploads\/2025\/01\/Bancs-Val-1024x768.jpg\" alt=\"\" class=\"wp-image-6813\" srcset=\"https:\/\/urbanicc.fr\/wp-content\/uploads\/2025\/01\/Bancs-Val-1024x768.jpg 1024w, https:\/\/urbanicc.fr\/wp-content\/uploads\/2025\/01\/Bancs-Val-300x225.jpg 300w, https:\/\/urbanicc.fr\/wp-content\/uploads\/2025\/01\/Bancs-Val-768x576.jpg 768w, https:\/\/urbanicc.fr\/wp-content\/uploads\/2025\/01\/Bancs-Val-1536x1152.jpg 1536w, https:\/\/urbanicc.fr\/wp-content\/uploads\/2025\/01\/Bancs-Val.jpg 1920w\" sizes=\"auto, (max-width: 1024px) 100vw, 1024px\" \/><figcaption class=\"wp-element-caption\">cr\u00e9dit photo : Minoterie Zen<\/figcaption><\/figure>\n<\/div><\/div>\n<\/div>\n\n\n\n<div style=\"height:100px\" aria-hidden=\"true\" class=\"wp-block-spacer\"><\/div>\n\n\n\n<h3 class=\"wp-block-heading\"><strong>Quelques perspectives \u00e0 envisager, mais la route sera longue\u2026<\/strong><\/h3>\n\n\n\n<ul class=\"wp-block-list\">\n<li><em>Les invariants<\/em> pos\u00e9s par l\u2019adjoint aux espaces verts ne peuvent pas \u00eatre accept\u00e9s par le Collectif. En effet, l\u2019espace r\u00e9cr\u00e9atif tel qu\u2019il est am\u00e9nag\u00e9 aujourd\u2019hui est source de bruit. Les \u00e9quipements actuels, \u00e0 savoir l\u2019avion ludique et le brumisateur, g\u00e9n\u00e8rent beaucoup d\u2019activit\u00e9s et catalysent les \u00e9mergences sonores. Il sera pertinent d\u2019envisager un d\u00e9placement de ces \u00e9quipements sur des il\u00f4ts adapt\u00e9s \u00e0 leur implantation. <strong><s>Et pourquoi pas la Plaine Gambetta, que cela rendrait ind\u00e9niablement plus attractive pour les usagers ?<\/s><\/strong> L\u2019id\u00e9e n\u2019est pas de reporter le probl\u00e8me sur d\u2019autres logements. Cette nouvelle implantation n\u00e9cessiterait que le cadre d\u2019utilisation de l\u2019espace soit pos\u00e9.<\/li>\n<\/ul>\n\n\n\n<ul class=\"wp-block-list\">\n<li>L\u2019option semblant pouvoir se dessiner \u00e0 court (ou moyen) termes est <strong><s>le r\u00e9am\u00e9nagement de la parcelle r\u00e9cr\u00e9ative situ\u00e9e rue des Lampes<\/s><\/strong>, aujourd\u2019hui cl\u00f4tur\u00e9e et laiss\u00e9e en friche depuis des mois. Tout le monde est d\u2019accord pour dire que l\u2019espace tel qu\u2019il se pr\u00e9sente aujourd\u2019hui est un \u00e9chec. Une piste se dessine de ce c\u00f4t\u00e9, qui ne pourra fonctionner que si le p\u00e9rim\u00e8tre est agrandi au-del\u00e0 des palissades en place actuellement, ce qui permettra, on l\u2019esp\u00e8re, l\u2019am\u00e9nagement d\u2019un terrain de foot (avec cages \u00e0 foot et filets pare-ballons). <strong><s>Cela ne fonctionnera que si l\u2019espace est rendu plus attractif que le secteur de la Minoterie.<\/s><\/strong> Un travail doit \u00e9galement \u00eatre fait sur l\u2019axe routier de la rue Rigaud, avec des ralentisseurs pour s\u00e9curiser la travers\u00e9e des enfants.<\/li>\n<\/ul>\n\n\n\n<ul class=\"wp-block-list\">\n<li>L\u2019option long terme (dans combien d\u2019ann\u00e9es exactement ?) que le collectif souhaiterait pouvoir consid\u00e9rer est le terrain occup\u00e9 actuellement par la soci\u00e9t\u00e9 Axelis, parcelle limitrophe \u00e0 la rue des Lampes et \u00e0 la rue Rigaud. Cette parcelle, faisant face \u00e0 la r\u00e9sidence Lumen, une fois qu\u2019elle sera lib\u00e9r\u00e9e des entrep\u00f4ts qui l\u2019occupent, est <strong><s>LA solution alternative de proximit\u00e9<\/s><\/strong> \u00e0 l\u2019espace r\u00e9cr\u00e9atif de la Minoterie. Tout pourrait y \u00eatre fait, des terrains de jeux de ballons, mais aussi des espaces multi-disciplinaires pour des activit\u00e9s plus calmes pour les familles. La parcelle est suffisamment spacieuse pour \u00e9viter l\u2019encaissement acoustique et reporter le probl\u00e8me actuel de la Minoterie sur les r\u00e9sidences Le Val et Lumen.&nbsp; La balle est dans le camp de la Mairie et de la SADEV. Les riverains du passage de la Minoterie seront-ils entendus&nbsp;?<\/li>\n<\/ul>\n\n\n\n<div style=\"height:100px\" aria-hidden=\"true\" class=\"wp-block-spacer\"><\/div>\n\n\n\n<div class=\"wp-block-columns is-layout-flex wp-container-core-columns-is-layout-9d6595d7 wp-block-columns-is-layout-flex\">\n<div class=\"wp-block-column is-layout-flow wp-block-column-is-layout-flow\"><div class=\"wp-block-image\">\n<figure class=\"aligncenter size-large\"><img loading=\"lazy\" decoding=\"async\" width=\"1024\" height=\"768\" src=\"https:\/\/urbanicc.fr\/wp-content\/uploads\/2025\/01\/Rue-des-Lampes-2-1-1024x768.jpg\" alt=\"\" class=\"wp-image-6814\" srcset=\"https:\/\/urbanicc.fr\/wp-content\/uploads\/2025\/01\/Rue-des-Lampes-2-1-1024x768.jpg 1024w, https:\/\/urbanicc.fr\/wp-content\/uploads\/2025\/01\/Rue-des-Lampes-2-1-300x225.jpg 300w, https:\/\/urbanicc.fr\/wp-content\/uploads\/2025\/01\/Rue-des-Lampes-2-1-768x576.jpg 768w, https:\/\/urbanicc.fr\/wp-content\/uploads\/2025\/01\/Rue-des-Lampes-2-1-1536x1152.jpg 1536w, https:\/\/urbanicc.fr\/wp-content\/uploads\/2025\/01\/Rue-des-Lampes-2-1.jpg 1920w\" sizes=\"auto, (max-width: 1024px) 100vw, 1024px\" \/><figcaption class=\"wp-element-caption\">cr\u00e9dit photo : Minoterie Zen<\/figcaption><\/figure>\n<\/div><\/div>\n\n\n\n<div class=\"wp-block-column is-layout-flow wp-block-column-is-layout-flow\"><div class=\"wp-block-image\">\n<figure class=\"aligncenter size-large\"><img loading=\"lazy\" decoding=\"async\" width=\"1024\" height=\"768\" src=\"https:\/\/urbanicc.fr\/wp-content\/uploads\/2025\/01\/Rue-des-Lampes-1-1-1024x768.jpg\" alt=\"\" class=\"wp-image-6815\" srcset=\"https:\/\/urbanicc.fr\/wp-content\/uploads\/2025\/01\/Rue-des-Lampes-1-1-1024x768.jpg 1024w, https:\/\/urbanicc.fr\/wp-content\/uploads\/2025\/01\/Rue-des-Lampes-1-1-300x225.jpg 300w, https:\/\/urbanicc.fr\/wp-content\/uploads\/2025\/01\/Rue-des-Lampes-1-1-768x576.jpg 768w, https:\/\/urbanicc.fr\/wp-content\/uploads\/2025\/01\/Rue-des-Lampes-1-1-1536x1152.jpg 1536w, https:\/\/urbanicc.fr\/wp-content\/uploads\/2025\/01\/Rue-des-Lampes-1-1.jpg 1920w\" sizes=\"auto, (max-width: 1024px) 100vw, 1024px\" \/><figcaption class=\"wp-element-caption\">cr\u00e9dit photo : Minoterie Zen<\/figcaption><\/figure>\n<\/div><\/div>\n<\/div>\n\n\n\n<div style=\"height:100px\" aria-hidden=\"true\" class=\"wp-block-spacer\"><\/div>\n\n\n\n<h3 class=\"wp-block-heading\"><strong>Aujourd\u2019hui, o\u00f9&nbsp;en est-on ?<\/strong><\/h3>\n\n\n\n<p>Du c\u00f4t\u00e9 de l\u2019\u00e9quipe municipale, m\u00eame si les erreurs d\u2019am\u00e9nagement et les \u00e9checs sont timidement admis par certains, on ne semble pas remettre en cause les d\u00e9cisions prises il y a 10 ans, ni mettre les moyens pour tenter de ma\u00eetriser les m\u00e9susages de l\u2019espace public dans un quartier qui va in\u00e9vitablement continuer \u00e0 voir sa population augmenter. Les nuisances \u00e9voqu\u00e9es par les riverains sont minimis\u00e9es (notamment&nbsp; par l\u2019adjoint d\u00e9l\u00e9gu\u00e9 au quartier Ivry-Port), leur souffrance est contourn\u00e9e, les \u00e9quipements en place ne seront pas revus.<\/p>\n\n\n\n<p>Si l\u2019on se tourne vers les utilisateurs du square, ils ne semblent pas enclins \u00e0 changer leurs habitudes, et c\u2019est \u00e0 juste titre, n\u2019ayant pas de raison particuli\u00e8re de le faire, rien d\u2019autre ne leur \u00e9tant propos\u00e9 en termes d\u2019espace public de proximit\u00e9 \u00e0 Ivry-Port, aucun cadre d\u2019utilisation n\u2019\u00e9tant pos\u00e9 dans l\u2019espace en question. Alors pourquoi faire autrement ?<\/p>\n\n\n\n<p><strong><s>La d\u00e9marche des riverains du passage de la Minoterie, \u00e0 travers le propos du collectif Minoterie Zen est pourtant l\u00e9gitime.<\/s><\/strong> La d\u00e9sapprobation des riverains ne cesse d\u2019augmenter. Le s\u00e9nateur Salvodelli, riverain du quartier a lui-m\u00eame communiqu\u00e9 au collectif son soutien \u00e0 la d\u00e9marche. <strong><s>Des solutions simples pourraient \u00eatre mises en place rapidement.<\/s><\/strong> Cette \u00e9quipe municipale est-elle capable de passer \u00e0 l\u2019action en faveur d\u2019un r\u00e9el vivre ensemble&nbsp;? En attendant, le cabinet dentaire implant\u00e9 au Quai aux Grains jette l\u2019\u00e9ponge, et annonce son d\u00e9part de la Minoterie au 31 mars.<\/p>\n\n\n\n<p>Aujourd\u2019hui, le calendrier de travail n\u2019est pas communiqu\u00e9. L\u2019\u00e9quipe municipale a partag\u00e9 un court compte rendu de la r\u00e9union du 27 novembre. Le document,&nbsp; n\u2019est pas toujours tr\u00e8s lisible, et ne pr\u00e9sente ni signataire, ni logo Mairie d\u2019Ivry. Quelques d\u00e9buts de propositions y sont report\u00e9s : v\u00e9g\u00e9talisation suppl\u00e9mentaire autour de l\u2019avion, \u00e9tude de d\u00e9placements de bancs, \u00e9tude d\u2019ajustement de l\u2019\u00e9clairage, passage des m\u00e9diateurs, communication sur les futurs nouveaux (anciens) espaces, mise en place de cages de foot sur l\u2019espace rue des Lampes\u2026 <strong><s>Le collectif des riverains ne se d\u00e9courage pas, et reste volontaire. Il continue sa r\u00e9flexion et ses actions.<\/s><\/strong> Mais la route sera longue, et l\u2019on peut craindre que l\u2019\u00e9t\u00e9 2025, soit toujours plus bruyant aux alentours de la Minoterie\u2026<\/p>\n\n\n\n<p>16 janvier 2025<\/p>\n\n\n\n<div style=\"height:48px\" aria-hidden=\"true\" class=\"wp-block-spacer\"><\/div>\n\n\n<div class=\"wp-block-image\">\n<figure class=\"alignleft size-full is-resized\"><img loading=\"lazy\" decoding=\"async\" width=\"638\" height=\"232\" src=\"https:\/\/urbanicc.fr\/wp-content\/uploads\/2025\/01\/image-16.png\" alt=\"\" class=\"wp-image-6804\" style=\"width:413px;height:auto\" srcset=\"https:\/\/urbanicc.fr\/wp-content\/uploads\/2025\/01\/image-16.png 638w, https:\/\/urbanicc.fr\/wp-content\/uploads\/2025\/01\/image-16-300x109.png 300w\" sizes=\"auto, (max-width: 638px) 100vw, 638px\" \/><\/figure>\n<\/div>\n\n\n<div style=\"height:121px\" aria-hidden=\"true\" class=\"wp-block-spacer\"><\/div>\n\n\n\n<h3 class=\"wp-block-heading\"><strong>Annexe\u00a01 :<\/strong> C\u2019est quoi Minoterie Zen ?<\/h3>\n\n\n\n<p><\/p>\n\n\n\n<div class=\"wp-block-columns is-layout-flex wp-container-core-columns-is-layout-9d6595d7 wp-block-columns-is-layout-flex\">\n<div class=\"wp-block-column is-layout-flow wp-block-column-is-layout-flow\">\n<p>Le <strong>collectif Minoterie Zen<\/strong> s\u2019est cr\u00e9\u00e9 \u00e0 l\u2019\u00e9t\u00e9 2024 pour tenter de r\u00e9fl\u00e9chir \u00e0 des mani\u00e8res de communiquer sur la question des \u00e9mergences sonores subies dans le quartier de la Minoterie \u00e0 Ivry-Port. Constitu\u00e9 d\u2019une dizaine de personnes, habitants des r\u00e9sidences Le Val, La Minoterie, le Quai aux Grains, le collectif adresse les diverses probl\u00e9matiques subies depuis plusieurs ann\u00e9es et tente de changer la donne du bruit sur le passage. Pour suivre les communications et les actions du collectif, abonnez-vous \u00e0 sa <a href=\"https:\/\/www.facebook.com\/profile.php?id=61565740342287\">page Facebook<\/a> ou <a href=\"mailto:minoterie.zen@gmail.com\">contactez-le<\/a>.<\/p>\n<\/div>\n\n\n\n<div class=\"wp-block-column is-layout-flow wp-block-column-is-layout-flow\">\n<figure class=\"wp-block-image size-full\"><img loading=\"lazy\" decoding=\"async\" width=\"539\" height=\"406\" src=\"https:\/\/urbanicc.fr\/wp-content\/uploads\/2025\/01\/image-7.png\" alt=\"\" class=\"wp-image-6735\" srcset=\"https:\/\/urbanicc.fr\/wp-content\/uploads\/2025\/01\/image-7.png 539w, https:\/\/urbanicc.fr\/wp-content\/uploads\/2025\/01\/image-7-300x226.png 300w\" sizes=\"auto, (max-width: 539px) 100vw, 539px\" \/><\/figure>\n<\/div>\n<\/div>\n\n\n\n<div style=\"height:100px\" aria-hidden=\"true\" class=\"wp-block-spacer\"><\/div>\n\n\n\n<h3 class=\"wp-block-heading\"><strong>Annexe\u00a02 :<\/strong> La carte des nuisances recens\u00e9es autour du passage pr\u00e9sent\u00e9e\u00a0par les riverains :<\/h3>\n\n\n\n<div class=\"wp-block-columns is-layout-flex wp-container-core-columns-is-layout-9d6595d7 wp-block-columns-is-layout-flex\">\n<div class=\"wp-block-column is-layout-flow wp-block-column-is-layout-flow\">\n<figure class=\"wp-block-image size-full\"><img loading=\"lazy\" decoding=\"async\" width=\"609\" height=\"796\" src=\"https:\/\/urbanicc.fr\/wp-content\/uploads\/2025\/01\/image-9.png\" alt=\"\" class=\"wp-image-6741\" srcset=\"https:\/\/urbanicc.fr\/wp-content\/uploads\/2025\/01\/image-9.png 609w, https:\/\/urbanicc.fr\/wp-content\/uploads\/2025\/01\/image-9-230x300.png 230w\" sizes=\"auto, (max-width: 609px) 100vw, 609px\" \/><\/figure>\n<\/div>\n\n\n\n<div class=\"wp-block-column is-layout-flow wp-block-column-is-layout-flow\">\n<figure class=\"wp-block-image size-full\"><img loading=\"lazy\" decoding=\"async\" width=\"595\" height=\"803\" src=\"https:\/\/urbanicc.fr\/wp-content\/uploads\/2025\/01\/image-10.png\" alt=\"\" class=\"wp-image-6742\" srcset=\"https:\/\/urbanicc.fr\/wp-content\/uploads\/2025\/01\/image-10.png 595w, https:\/\/urbanicc.fr\/wp-content\/uploads\/2025\/01\/image-10-222x300.png 222w\" sizes=\"auto, (max-width: 595px) 100vw, 595px\" \/><\/figure>\n<\/div>\n<\/div>\n\n\n\n<div style=\"height:100px\" aria-hidden=\"true\" class=\"wp-block-spacer\"><\/div>\n","protected":false},"excerpt":{"rendered":"<p>Retour sur la r\u00e9union du 27 novembre 24 On recontextualise la d\u00e9marche Suite \u00e0 un courrier envoy\u00e9 au Maire d\u2019Ivry en Septembre 2024, exp\u00e9di\u00e9 par le collectif de riverains Minoterie Zen, sign\u00e9 par 111 r\u00e9sidents du quartier, et quelques articles dans la presse locale relatant le contexte de la probl\u00e9matique&#46;&#46;&#46;<\/p>\n","protected":false},"author":10,"featured_media":6769,"parent":0,"menu_order":0,"comment_status":"closed","ping_status":"closed","template":"","meta":{"_exactmetrics_skip_tracking":false,"_exactmetrics_sitenote_active":false,"_exactmetrics_sitenote_note":"","_exactmetrics_sitenote_category":0,"ngg_post_thumbnail":0,"footnotes":""},"class_list":["post-6719","page","type-page","status-publish","has-post-thumbnail","hentry"],"_links":{"self":[{"href":"https:\/\/urbanicc.fr\/index.php\/wp-json\/wp\/v2\/pages\/6719","targetHints":{"allow":["GET"]}}],"collection":[{"href":"https:\/\/urbanicc.fr\/index.php\/wp-json\/wp\/v2\/pages"}],"about":[{"href":"https:\/\/urbanicc.fr\/index.php\/wp-json\/wp\/v2\/types\/page"}],"author":[{"embeddable":true,"href":"https:\/\/urbanicc.fr\/index.php\/wp-json\/wp\/v2\/users\/10"}],"replies":[{"embeddable":true,"href":"https:\/\/urbanicc.fr\/index.php\/wp-json\/wp\/v2\/comments?post=6719"}],"version-history":[{"count":42,"href":"https:\/\/urbanicc.fr\/index.php\/wp-json\/wp\/v2\/pages\/6719\/revisions"}],"predecessor-version":[{"id":6826,"href":"https:\/\/urbanicc.fr\/index.php\/wp-json\/wp\/v2\/pages\/6719\/revisions\/6826"}],"wp:featuredmedia":[{"embeddable":true,"href":"https:\/\/urbanicc.fr\/index.php\/wp-json\/wp\/v2\/media\/6769"}],"wp:attachment":[{"href":"https:\/\/urbanicc.fr\/index.php\/wp-json\/wp\/v2\/media?parent=6719"}],"curies":[{"name":"wp","href":"https:\/\/api.w.org\/{rel}","templated":true}]}}