{"id":5580,"date":"2023-10-02T15:27:42","date_gmt":"2023-10-02T13:27:42","guid":{"rendered":"https:\/\/urbanicc.fr\/?page_id=5580"},"modified":"2023-10-02T15:38:17","modified_gmt":"2023-10-02T13:38:17","slug":"portrait-dartisans-latelier-maximum-cree-a-ivry-port-en-2015","status":"publish","type":"page","link":"https:\/\/urbanicc.fr\/index.php\/portrait-dartisans-latelier-maximum-cree-a-ivry-port-en-2015\/","title":{"rendered":"Portrait d\u2019artisans &#8211; L\u2019atelier \u00ab\u00a0Maximum\u00a0\u00bb cr\u00e9\u00e9 \u00e0 Ivry Port en 2015"},"content":{"rendered":"\n<h3 class=\"wp-block-heading\"><s>Basile de Gaulle, designer, un des 3 fondateurs de Maximum et Manon Leconte, architecte qui a rejoint l&rsquo;\u00e9quipe en 2021 nous pr\u00e9sentent leur entreprise, install\u00e9e dans une halle de 1200 m2 &nbsp;au 49 boulevard Colonel Fabien \u00e0 Ivry Port.<\/s><\/h3>\n\n\n\n<div style=\"height:65px\" aria-hidden=\"true\" class=\"wp-block-spacer\"><\/div>\n\n\n\n<h2 class=\"wp-block-heading\"><s>Maximum fabrique du mobilier \u00e0 partir de pertes et rebuts de la production industrielle<\/s><\/h2>\n\n\n\n<p>Maximum transforme des flux de mati\u00e8res mises au rebut par l\u2019industrie, pour fabriquer de mani\u00e8re s\u00e9rielle du mobilier ou des \u00e9l\u00e9ments architecturaux.<\/p>\n\n\n\n<p>Les mati\u00e8res utilis\u00e9es sont des d\u00e9chets de l&rsquo;industrie, produits par des machines sp\u00e9ciales en quantit\u00e9 tr\u00e8s importante.<\/p>\n\n\n\n<p>Maximum fait du \u00ab&nbsp;surcyclage&nbsp;\u00bb&nbsp;: \u00e0 l&rsquo;inverse du recyclage (qui broie les objets, retrouve l&rsquo;\u00e9tat initial de la mati\u00e8re en s&rsquo;inscrivant dans un processus destructif), le surcyclage s&rsquo;appuie sur la valeur ajout\u00e9e apport\u00e9e par les transformations initiales (soudures,&nbsp;proportions) pour aller vers un nouveau design.<\/p>\n\n\n\n<p>Le but de Maximum est de cr\u00e9er et fabriquer des meubles qui sont beaux et \u00e9cologiques&nbsp;(chaises, fauteuils, tabourets, bureaux, tables de r\u00e9unions&#8230;) tout en \u00e9tant le moins cher possible \u00e0 produire. Le design du mobilier est d\u00e9cid\u00e9 en fonction des gisements industriels (poudre de plastique, \u00e9chafaudages usag\u00e9s, pieds de tables&#8230;).<\/p>\n\n\n\n<p>Maximum produit de fa\u00e7on artisanale mais vise l&rsquo;\u00e9chelle industrielle.<\/p>\n\n\n\n<p>L&rsquo;entreprise emploie une \u00e9quipe de 12 personnes compl\u00e9t\u00e9e par des stagiaires. Cette SAS (Soci\u00e9t\u00e9 par Actions Simplifi\u00e9e) s&rsquo;adresse surtout aux professionnels (restaurants, bureaux, h\u00f4tels, collectivit\u00e9s locales, promoteurs&#8230;). Elle est accessible aux particuliers par le biais de son site internet et lors de journ\u00e9es-braderie.<\/p>\n\n\n\n<div style=\"height:100px\" aria-hidden=\"true\" class=\"wp-block-spacer\"><\/div>\n\n\n\n<figure class=\"wp-block-image size-large\"><img loading=\"lazy\" decoding=\"async\" width=\"1024\" height=\"683\" src=\"https:\/\/urbanicc.fr\/wp-content\/uploads\/2023\/07\/maximum-1024x683.jpg\" alt=\"\" class=\"wp-image-5598\" srcset=\"https:\/\/urbanicc.fr\/wp-content\/uploads\/2023\/07\/maximum-1024x683.jpg 1024w, https:\/\/urbanicc.fr\/wp-content\/uploads\/2023\/07\/maximum-300x200.jpg 300w, https:\/\/urbanicc.fr\/wp-content\/uploads\/2023\/07\/maximum-768x512.jpg 768w, https:\/\/urbanicc.fr\/wp-content\/uploads\/2023\/07\/maximum-1536x1025.jpg 1536w, https:\/\/urbanicc.fr\/wp-content\/uploads\/2023\/07\/maximum-2048x1366.jpg 2048w\" sizes=\"auto, (max-width: 1024px) 100vw, 1024px\" \/><figcaption class=\"wp-element-caption\">L&rsquo;\u00e9quipe de l&rsquo;atelier Maximum<\/figcaption><\/figure>\n\n\n\n<div style=\"height:100px\" aria-hidden=\"true\" class=\"wp-block-spacer\"><\/div>\n\n\n\n<h2 class=\"wp-block-heading\"><s>L&rsquo;histoire de l&rsquo;entreprise : la rencontre entre un projet et un territoire<\/s><\/h2>\n\n\n\n<p>Maximum a \u00e9t\u00e9 cr\u00e9\u00e9e par deux designers de formation, auxquels s\u2019est associ\u00e9 un 3\u00e8me fondateur, dipl\u00f4m\u00e9 d&rsquo;une grande \u00e9cole de commerce (Basile De Gaulle, Rom\u00e9e de La Bigne et Armand Bernoud).<\/p>\n\n\n\n<p>L&rsquo;id\u00e9e de transformer des d\u00e9chets de l&rsquo;industrie pour faire des nouveaux objets a pris naissance lors des travaux de fin d&rsquo;\u00e9tudes de deux des fondateurs.<\/p>\n\n\n\n<p>L&rsquo;un des trois fondateurs habitant Ivry, la recherche d\u2019un atelier s&rsquo;est orient\u00e9e vers ce territoire o\u00f9 un \u00e9lu, sensibilis\u00e9 aux questions de l&rsquo;\u00e9cologie, et s\u00e9duit par le concept, s&rsquo;est mobilis\u00e9 pour trouver une solution d&rsquo;implantation.&nbsp;Au d\u00e9part elle a \u00e9t\u00e9 trouv\u00e9e de fa\u00e7on temporaire au sein de la ZAC d\u2019Ivry Confluences dans un b\u00e2timent et une rue qui depuis ont \u00e9t\u00e9 d\u00e9truits.<\/p>\n\n\n\n<p>Ces conditions d&rsquo;installation dans le cadre d&rsquo;un bail pr\u00e9caire, \u00e9talonn\u00e9 sur les revenus, n\u00e9goci\u00e9 avec l&rsquo;am\u00e9nageur (la SADEV94) ont aid\u00e9 l&rsquo;entreprise \u00e0 mettre le pied \u00e0 l&rsquo;\u00e9trier.&nbsp;<\/p>\n\n\n\n<p><strong><s>Le d\u00e9ploiement du projet \u00e0 Ivry Confluences est donc n\u00e9 de la rencontre entre une volont\u00e9 politique de cr\u00e9er un quartier mixte, l&rsquo;accompagnement de l&rsquo;am\u00e9nageur, et l&rsquo;investissement de 3 jeunes entrepreneurs pour concr\u00e9tiser leur concept et s&rsquo;int\u00e9grer dans les dynamiques du territoire.<\/s><\/strong><\/p>\n\n\n\n<p>Au cours des 3,5 ans d&rsquo;occupation temporaire, l&rsquo;\u00e9quipe est rest\u00e9e en veille pour saisir l&rsquo;opportunit\u00e9 d&rsquo;une solution durable \u00e0 Ivry Confluence qui pr\u00e9sente l&rsquo;avantage d&rsquo;\u00eatre accessible, aux portes de Paris tout en \u00e9tant dans un environnement calme.<\/p>\n\n\n\n<p>Cette opportunit\u00e9 s&rsquo;est pr\u00e9sent\u00e9e avec la mise en vente d&rsquo;une halle \u00e0 r\u00e9nover pr\u00e8s de la Place Gambetta. Les fondateurs de Maximum se sont rapidement mobilis\u00e9s pour constituer un dossier et rechercher un montage financier (subvention ADEME, aide de la Sadev, pr\u00eat&#8230;) sur la base d&rsquo;une r\u00e9habilitation par \u00e9tape. La premi\u00e8re phase de r\u00e9habilitation s&rsquo;est faite \u00e0 partir de mat\u00e9riaux r\u00e9cup\u00e9r\u00e9s \u00e0 proximit\u00e9 dans le quartier.<\/p>\n\n\n\n<p>La phase d&rsquo;installation temporaire, a permis aux trois entrepreneurs de faire leurs preuves, de cr\u00e9dibiliser leur ambition de se d\u00e9velopper dans cette grande halle, et leur concept a trouv\u00e9 un \u00e9cho.<\/p>\n\n\n\n<p><strong>\u00ab&nbsp;<em>Nous sommes des pionniers du quartier en construction, nous sommes n\u00e9s au milieu de terrains vagues<\/em><\/strong><em>&nbsp;\u00bb.<\/em><\/p>\n\n\n\n<div style=\"height:100px\" aria-hidden=\"true\" class=\"wp-block-spacer\"><\/div>\n\n\n\n<h2 class=\"wp-block-heading\"><s>Perspectives d&rsquo;\u00e9volution vers une production industrielle<\/s><\/h2>\n\n\n\n<p>Apr\u00e8s avoir consolid\u00e9 son activit\u00e9 de design mobilier au sein de la Halle Gambetta, l&rsquo;entreprise s&rsquo;est ouverte \u00e0 l&rsquo;architecture \u00e0 partir du r\u00e9emploi des d\u00e9chets du b\u00e2timent.<\/p>\n\n\n\n<p>La r\u00e9interpr\u00e9tation en 2021 de la chenille en verre de Beaubourg (l&rsquo;escalator)&nbsp;a constitu\u00e9 la premi\u00e8re exp\u00e9rience. Pour le compte d\u2019une grande soci\u00e9t\u00e9, Maximum a con\u00e7u et r\u00e9alis\u00e9 un projet d&rsquo;architecture int\u00e9rieure r\u00e9utilisant la chenille qui s&rsquo;est ainsi transform\u00e9e en \u00ab&nbsp;papillon&nbsp;\u00bb. &nbsp;Il a fallu r\u00e9aliser le projet dans le timing du chantier de Beaubourg, trouver des astuces de r\u00e9utilisation, disposer de l&rsquo;espace et des moyens humains pour r\u00e9cup\u00e9rer et nettoyer les panneaux de verres.<\/p>\n\n\n\n<p>Maximum projette de cr\u00e9er une boutique au sein de la halle et de s&rsquo;ouvrir davantage sur la rue par l\u2019am\u00e9nagement d\u2019une vitrine.<\/p>\n\n\n\n<p><strong>Aujourd&rsquo;hui Maximum s&rsquo;engage dans une nouvelle phase de d\u00e9veloppement avec un projet d\u2019envergure autour de l&rsquo;invention d\u2019un mat\u00e9riau tir\u00e9 de d\u00e9chets textiles<\/strong>. Ce mat\u00e9riau aura vocation \u00e0 remplacer le m\u00e9dium dans la fabrication de meubles&nbsp;(panneaux de cuisine&#8230;). Il sera r\u00e9alis\u00e9 \u00e0 partir de v\u00eatements effiloch\u00e9s qui seront tri\u00e9s en fonction de leurs couleurs, broy\u00e9s, et m\u00e9lang\u00e9s avec des d\u00e9chets de peinture. Ce mat\u00e9riau r\u00e9pond aux normes exig\u00e9s (non toxicit\u00e9&#8230;) et le projet se branchera sur une fili\u00e8re de r\u00e9-emploi&nbsp;textile existante. Cette activit\u00e9 sera d\u00e9velopp\u00e9e par une nouvelle soci\u00e9t\u00e9,&nbsp;\u00ab&nbsp;le tissium&nbsp;\u00bb et aura besoin d\u2019un atelier de 2.000 m2, pour produire ce mat\u00e9riau. Les entrepreneurs souhaitent saisir une opportunit\u00e9 immobili\u00e8re pour rester \u00e0 Ivry Confluences, la proximit\u00e9 avec Paris facilitant la communication et permettant de s&rsquo;appuyer sur un r\u00e9seau d&rsquo;acteurs \u00e9conomiques.<\/p>\n\n\n\n<p><strong>\u00ab&nbsp;<em>Nous nous inscrivons dans une dynamique de production circulaire \u00e0 l&rsquo;\u00e9chelle industrielle. Nous souhaiterions essaimer ce type d\u2019unit\u00e9 de production en Europe&nbsp;\u00bb.<\/em><\/strong><\/p>\n\n\n\n<div style=\"height:100px\" aria-hidden=\"true\" class=\"wp-block-spacer\"><\/div>\n\n\n\n<h2 class=\"wp-block-heading\"><strong><s>En conclusion<\/s><\/strong><\/h2>\n\n\n\n<p class=\"has-medium-font-size\"><em><s><strong>\u00ab Nous sommes au c\u0153ur du nouveau quartier, ce qui est tr\u00e8s positif pour nous. Nous sommes attach\u00e9s au principe du quartier mixte. Nous ne souhaitons pas nous installer dans un quartier mono fonctionnel, industriel ou artisanal \u00bb.<\/strong><\/s><\/em><\/p>\n\n\n\n<p class=\"has-medium-font-size\"><em><s><strong>\u00ab Nous souhaitons agr\u00e9ger autour de notre activit\u00e9 d&rsquo;autres entreprises qui se d\u00e9veloppent dans le r\u00e9-emploi pour qu&rsquo;Ivry-Port devienne un p\u00f4le important dans le d\u00e9veloppement du \u00ab sur-cyclage \u00bb en France.<\/strong><\/s><\/em><\/p>\n\n\n\n<div style=\"height:100px\" aria-hidden=\"true\" class=\"wp-block-spacer\"><\/div>\n\n\n\n<figure class=\"wp-block-gallery has-nested-images columns-default is-cropped wp-block-gallery-1 is-layout-flex wp-block-gallery-is-layout-flex\">\n<figure class=\"wp-block-image size-large\"><img loading=\"lazy\" decoding=\"async\" width=\"1000\" height=\"564\" data-id=\"5593\" src=\"https:\/\/urbanicc.fr\/wp-content\/uploads\/2023\/07\/13052023-IMG20230513121143.jpg\" alt=\"\" class=\"wp-image-5593\" srcset=\"https:\/\/urbanicc.fr\/wp-content\/uploads\/2023\/07\/13052023-IMG20230513121143.jpg 1000w, https:\/\/urbanicc.fr\/wp-content\/uploads\/2023\/07\/13052023-IMG20230513121143-300x169.jpg 300w, https:\/\/urbanicc.fr\/wp-content\/uploads\/2023\/07\/13052023-IMG20230513121143-768x433.jpg 768w\" sizes=\"auto, (max-width: 1000px) 100vw, 1000px\" \/><\/figure>\n\n\n\n<figure class=\"wp-block-image size-large\"><img loading=\"lazy\" decoding=\"async\" width=\"1000\" height=\"564\" data-id=\"5591\" src=\"https:\/\/urbanicc.fr\/wp-content\/uploads\/2023\/07\/13052023-IMG20230513120730.jpg\" alt=\"\" class=\"wp-image-5591\" srcset=\"https:\/\/urbanicc.fr\/wp-content\/uploads\/2023\/07\/13052023-IMG20230513120730.jpg 1000w, https:\/\/urbanicc.fr\/wp-content\/uploads\/2023\/07\/13052023-IMG20230513120730-300x169.jpg 300w, https:\/\/urbanicc.fr\/wp-content\/uploads\/2023\/07\/13052023-IMG20230513120730-768x433.jpg 768w\" sizes=\"auto, (max-width: 1000px) 100vw, 1000px\" \/><\/figure>\n\n\n\n<figure class=\"wp-block-image size-large\"><img loading=\"lazy\" decoding=\"async\" width=\"1024\" height=\"768\" data-id=\"5601\" src=\"https:\/\/urbanicc.fr\/wp-content\/uploads\/2023\/07\/IMG_2034-1024x768.jpg\" alt=\"\" class=\"wp-image-5601\" srcset=\"https:\/\/urbanicc.fr\/wp-content\/uploads\/2023\/07\/IMG_2034-1024x768.jpg 1024w, https:\/\/urbanicc.fr\/wp-content\/uploads\/2023\/07\/IMG_2034-300x225.jpg 300w, https:\/\/urbanicc.fr\/wp-content\/uploads\/2023\/07\/IMG_2034-768x576.jpg 768w, https:\/\/urbanicc.fr\/wp-content\/uploads\/2023\/07\/IMG_2034-1536x1152.jpg 1536w, https:\/\/urbanicc.fr\/wp-content\/uploads\/2023\/07\/IMG_2034.jpg 2016w\" sizes=\"auto, (max-width: 1024px) 100vw, 1024px\" \/><\/figure>\n\n\n\n<figure class=\"wp-block-image size-large\"><img loading=\"lazy\" decoding=\"async\" width=\"1000\" height=\"564\" data-id=\"5592\" src=\"https:\/\/urbanicc.fr\/wp-content\/uploads\/2023\/07\/13052023-IMG20230513121856.jpg\" alt=\"\" class=\"wp-image-5592\" srcset=\"https:\/\/urbanicc.fr\/wp-content\/uploads\/2023\/07\/13052023-IMG20230513121856.jpg 1000w, https:\/\/urbanicc.fr\/wp-content\/uploads\/2023\/07\/13052023-IMG20230513121856-300x169.jpg 300w, https:\/\/urbanicc.fr\/wp-content\/uploads\/2023\/07\/13052023-IMG20230513121856-768x433.jpg 768w\" sizes=\"auto, (max-width: 1000px) 100vw, 1000px\" \/><\/figure>\n\n\n\n<figure class=\"wp-block-image size-large\"><img loading=\"lazy\" decoding=\"async\" width=\"1024\" height=\"768\" data-id=\"5600\" src=\"https:\/\/urbanicc.fr\/wp-content\/uploads\/2023\/07\/IMG_2024-1024x768.jpg\" alt=\"\" class=\"wp-image-5600\" srcset=\"https:\/\/urbanicc.fr\/wp-content\/uploads\/2023\/07\/IMG_2024-1024x768.jpg 1024w, https:\/\/urbanicc.fr\/wp-content\/uploads\/2023\/07\/IMG_2024-300x225.jpg 300w, https:\/\/urbanicc.fr\/wp-content\/uploads\/2023\/07\/IMG_2024-768x576.jpg 768w, https:\/\/urbanicc.fr\/wp-content\/uploads\/2023\/07\/IMG_2024-1536x1152.jpg 1536w, https:\/\/urbanicc.fr\/wp-content\/uploads\/2023\/07\/IMG_2024.jpg 2016w\" sizes=\"auto, (max-width: 1024px) 100vw, 1024px\" \/><\/figure>\n\n\n\n<figure class=\"wp-block-image size-large\"><img loading=\"lazy\" decoding=\"async\" width=\"1024\" height=\"768\" data-id=\"5602\" src=\"https:\/\/urbanicc.fr\/wp-content\/uploads\/2023\/07\/IMG_2037-1024x768.jpg\" alt=\"\" class=\"wp-image-5602\" srcset=\"https:\/\/urbanicc.fr\/wp-content\/uploads\/2023\/07\/IMG_2037-1024x768.jpg 1024w, https:\/\/urbanicc.fr\/wp-content\/uploads\/2023\/07\/IMG_2037-300x225.jpg 300w, https:\/\/urbanicc.fr\/wp-content\/uploads\/2023\/07\/IMG_2037-768x576.jpg 768w, https:\/\/urbanicc.fr\/wp-content\/uploads\/2023\/07\/IMG_2037-1536x1152.jpg 1536w, https:\/\/urbanicc.fr\/wp-content\/uploads\/2023\/07\/IMG_2037.jpg 2016w\" sizes=\"auto, (max-width: 1024px) 100vw, 1024px\" \/><\/figure>\n<\/figure>\n\n\n\n<div style=\"height:100px\" aria-hidden=\"true\" class=\"wp-block-spacer\"><\/div>\n","protected":false},"excerpt":{"rendered":"<p>Basile de Gaulle, designer, un des 3 fondateurs de Maximum et Manon Leconte, architecte qui a rejoint l&rsquo;\u00e9quipe en 2021 nous pr\u00e9sentent leur entreprise, install\u00e9e dans une halle de 1200 m2 &nbsp;au 49 boulevard Colonel Fabien \u00e0 Ivry Port. Maximum fabrique du mobilier \u00e0 partir de pertes et rebuts de&#46;&#46;&#46;<\/p>\n","protected":false},"author":10,"featured_media":5747,"parent":0,"menu_order":0,"comment_status":"closed","ping_status":"closed","template":"","meta":{"_exactmetrics_skip_tracking":false,"_exactmetrics_sitenote_active":false,"_exactmetrics_sitenote_note":"","_exactmetrics_sitenote_category":0,"ngg_post_thumbnail":0,"footnotes":""},"class_list":["post-5580","page","type-page","status-publish","has-post-thumbnail","hentry"],"_links":{"self":[{"href":"https:\/\/urbanicc.fr\/index.php\/wp-json\/wp\/v2\/pages\/5580","targetHints":{"allow":["GET"]}}],"collection":[{"href":"https:\/\/urbanicc.fr\/index.php\/wp-json\/wp\/v2\/pages"}],"about":[{"href":"https:\/\/urbanicc.fr\/index.php\/wp-json\/wp\/v2\/types\/page"}],"author":[{"embeddable":true,"href":"https:\/\/urbanicc.fr\/index.php\/wp-json\/wp\/v2\/users\/10"}],"replies":[{"embeddable":true,"href":"https:\/\/urbanicc.fr\/index.php\/wp-json\/wp\/v2\/comments?post=5580"}],"version-history":[{"count":16,"href":"https:\/\/urbanicc.fr\/index.php\/wp-json\/wp\/v2\/pages\/5580\/revisions"}],"predecessor-version":[{"id":5754,"href":"https:\/\/urbanicc.fr\/index.php\/wp-json\/wp\/v2\/pages\/5580\/revisions\/5754"}],"wp:featuredmedia":[{"embeddable":true,"href":"https:\/\/urbanicc.fr\/index.php\/wp-json\/wp\/v2\/media\/5747"}],"wp:attachment":[{"href":"https:\/\/urbanicc.fr\/index.php\/wp-json\/wp\/v2\/media?parent=5580"}],"curies":[{"name":"wp","href":"https:\/\/api.w.org\/{rel}","templated":true}]}}