{"id":498,"date":"2018-12-06T14:27:06","date_gmt":"2018-12-06T13:27:06","guid":{"rendered":"https:\/\/urbanicc.fr\/?page_id=498"},"modified":"2018-12-19T13:26:53","modified_gmt":"2018-12-19T12:26:53","slug":"micro-quartiers","status":"publish","type":"page","link":"https:\/\/urbanicc.fr\/index.php\/micro-quartiers\/","title":{"rendered":"Micro-quartiers"},"content":{"rendered":"\n<p>En novembre 2018, la Ville a r\u00e9activ\u00e9 la concertation autour des micro-quartiers.<\/p>\n\n\n\n<p>Le <strong>micro-quartier<\/strong> est d\u00e9fini comme un ensemble d\u2019\u00eelots, ou un \u00eelot remarquable par sa surface ou son usage (ex. : parc de la confluence), et son environnement imm\u00e9diat. Il se situe \u00e0 une \u00e9chelle interm\u00e9diaire qui permet de travailler \u00e0 la fois sur la conception architecturale et sur l\u2019insertion dans le projet urbain global.<\/p>\n\n\n\n<p>Les prochains ateliers \u00ab micro-quartiers \u00bb concernent :<\/p>\n\n\n\n<ul class=\"wp-block-list\"><li>Le square Prudhon<\/li><li>L&rsquo;\u00eelot BHV<\/li><li>Les \u00eelots Emerige<\/li><li>Parc de la Confluence<\/li><li>Montivry (\u00eelot 4E)<\/li><\/ul>\n","protected":false},"excerpt":{"rendered":"<p>En novembre 2018, la Ville a r\u00e9activ\u00e9 la concertation autour des micro-quartiers. Le micro-quartier est d\u00e9fini comme un ensemble d\u2019\u00eelots, ou un \u00eelot remarquable par sa surface ou son usage (ex. : parc de la confluence), et son environnement imm\u00e9diat. Il se situe \u00e0 une \u00e9chelle interm\u00e9diaire qui permet de&#46;&#46;&#46;<\/p>\n","protected":false},"author":1,"featured_media":0,"parent":0,"menu_order":0,"comment_status":"closed","ping_status":"closed","template":"","meta":{"_exactmetrics_skip_tracking":false,"_exactmetrics_sitenote_active":false,"_exactmetrics_sitenote_note":"","_exactmetrics_sitenote_category":0,"ngg_post_thumbnail":0,"footnotes":""},"class_list":["post-498","page","type-page","status-publish","hentry"],"_links":{"self":[{"href":"https:\/\/urbanicc.fr\/index.php\/wp-json\/wp\/v2\/pages\/498","targetHints":{"allow":["GET"]}}],"collection":[{"href":"https:\/\/urbanicc.fr\/index.php\/wp-json\/wp\/v2\/pages"}],"about":[{"href":"https:\/\/urbanicc.fr\/index.php\/wp-json\/wp\/v2\/types\/page"}],"author":[{"embeddable":true,"href":"https:\/\/urbanicc.fr\/index.php\/wp-json\/wp\/v2\/users\/1"}],"replies":[{"embeddable":true,"href":"https:\/\/urbanicc.fr\/index.php\/wp-json\/wp\/v2\/comments?post=498"}],"version-history":[{"count":0,"href":"https:\/\/urbanicc.fr\/index.php\/wp-json\/wp\/v2\/pages\/498\/revisions"}],"wp:attachment":[{"href":"https:\/\/urbanicc.fr\/index.php\/wp-json\/wp\/v2\/media?parent=498"}],"curies":[{"name":"wp","href":"https:\/\/api.w.org\/{rel}","templated":true}]}}